{"id":9450,"date":"2017-03-22T16:16:51","date_gmt":"2017-03-22T16:16:51","guid":{"rendered":"https:\/\/nordichouse.is\/?post_type=event&#038;p=9450\/"},"modified":"2017-03-22T16:16:51","modified_gmt":"2017-03-22T16:16:51","slug":"dagur-nordurlandanna","status":"publish","type":"event","link":"https:\/\/nordichouse.is\/en\/event\/dagur-nordurlandanna\/","title":{"rendered":"Dagur Nor\u00f0urlandanna"},"content":{"rendered":"<h1>Dagur Nor\u00f0urlandanna<\/h1>\n<p><strong>Norr\u00e6na f\u00e9lagi\u00f0 og Norr\u00e6na h\u00fasi\u00f0 bj\u00f3\u00f0a til h\u00e1t\u00ed\u00f0ardagskr\u00e1r\u00a0\u00ed Norr\u00e6na h\u00fasinu fimmtudaginn\u00a023. mars kl 17:15 \u2013 18:30 \u00ed tilefni af degi Nor\u00f0urlanda.<\/strong><\/p>\n<p><strong>Dagskr\u00e1:\u00a0<\/strong><\/p>\n<p>Bogi \u00c1g\u00fastsson, forma\u00f0ur Norr\u00e6na f\u00e9lagsins b\u00fd\u00f0ur gesti velkomna.<\/p>\n<p>Bj\u00f6rg Eva Erlendsd\u00f3ttir, forma\u00f0ur Reykjav\u00edkurdeildar Norr\u00e6na f\u00e9lagsins, r\u00e6\u00f0ir um samstarf \u00cdslands og F\u00e6reyja og segir fr\u00e1 fyrirhugu\u00f0u h\u00f6fu\u00f0borgarm\u00f3ti sem haldi\u00f0 ver\u00f0ur \u00ed \u00de\u00f3rsh\u00f6fn \u00ed F\u00e6reyjum seinna \u00e1 \u00e1rinu.<\/p>\n<p>Linda Vilhj\u00e1lmsd\u00f3ttir les upp\u00far \u00a0lj\u00f3\u00f0ab\u00f3k sinni &#8220;Frelsi&#8221; sem er tilnefnd til b\u00f3kmenntaver\u00f0launa Nor\u00f0urlandar\u00e1\u00f0s. Um b\u00f3kina segir \u00e1 vef Norr\u00e6nu r\u00e1\u00f0herranefndarinnar: \u00a0Frelsi er \u00f3venju \u00e1leitin og \u00e1hrifamikil lj\u00f3\u00f0ab\u00f3k me\u00f0 nafnlausu inngangslj\u00f3\u00f0i og \u00feremur t\u00f6lusettum lj\u00f3\u00f0ab\u00e1lkum sem allir sn\u00faast um lei\u00f0arminni\u00f0 frelsi, afb\u00f6kun okkar \u00e1 hugtakinu og upplifun okkar af \u00fev\u00ed.<\/p>\n<p>T\u00f3nlistaratri\u00f0i:\u00a0Ingi Gunnar J\u00f3hannsson flytur lagi\u00f0 &#8220;Ens i Nord&#8221;\u00a0sem nokkrir V\u00edsnavinir \u00e1 Nor\u00f0url\u00f6ndum \u00e6tla a\u00f0 flytja \u00ed hverju landi fyrir sig \u00feennan dag.<\/p>\n<p>Inga D\u00f3ra Markussen, framkv\u00e6mdastj\u00f3ri Vestnorr\u00e6na r\u00e1\u00f0sins, segir fr\u00e1 stj\u00f3rnm\u00e1lum \u00ed Gr\u00e6nlandi og st\u00f6\u00f0u Gr\u00e6nlands \u00ed norr\u00e6nu og vestnorr\u00e6nu samstarfi.<\/p>\n<p>\u00c1sd\u00eds Eva Hannesd\u00f3ttir, framkv\u00e6mdarstj\u00f3ri Norr\u00e6na f\u00e9lagsins, segir fr\u00e1 Eystrarsaltssamstarfi frj\u00e1lsra f\u00e9lagasamtaka og al\u00fej\u00f3\u00f0legri r\u00e1\u00f0stefnu sem haldin ver\u00f0ur \u00ed Reykjajanesb\u00e6 \u00ed ma\u00ed.<\/p>\n<p><strong>Allir velkomnir!\u00a0<\/strong><\/p>\n<p>&nbsp;<\/p>\n","protected":false},"excerpt":{"rendered":"<p>Dagur Nor\u00f0urlandanna Norr\u00e6na f\u00e9lagi\u00f0 og Norr\u00e6na h\u00fasi\u00f0 bj\u00f3\u00f0a til h\u00e1t\u00ed\u00f0ardagskr\u00e1r\u00a0\u00ed Norr\u00e6na h\u00fasinu fimmtudaginn\u00a023. mars kl 17:15 \u2013 18:30 \u00ed tilefni af degi Nor\u00f0urlanda. Dagskr\u00e1:\u00a0 Bogi \u00c1g\u00fastsson, forma\u00f0ur Norr\u00e6na f\u00e9lagsins b\u00fd\u00f0ur gesti velkomna. Bj\u00f6rg Eva Erlendsd\u00f3ttir, forma\u00f0ur Reykjav\u00edkurdeildar Norr\u00e6na f\u00e9lagsins, r\u00e6\u00f0ir um samstarf \u00cdslands og F\u00e6reyja og segir fr\u00e1 fyrirhugu\u00f0u h\u00f6fu\u00f0borgarm\u00f3ti sem haldi\u00f0 ver\u00f0ur \u00ed \u00de\u00f3rsh\u00f6fn [&hellip;]<\/p>\n","protected":false},"featured_media":5705,"template":"","event-categories":[7],"class_list":["post-9450","event","type-event","status-publish","has-post-thumbnail","hentry","event-categories-lecture","has-banner-image"],"acf":[],"_links":{"self":[{"href":"https:\/\/nordichouse.is\/en\/wp-json\/wp\/v2\/event\/9450","targetHints":{"allow":["GET"]}}],"collection":[{"href":"https:\/\/nordichouse.is\/en\/wp-json\/wp\/v2\/event"}],"about":[{"href":"https:\/\/nordichouse.is\/en\/wp-json\/wp\/v2\/types\/event"}],"wp:featuredmedia":[{"embeddable":true,"href":"https:\/\/nordichouse.is\/en\/wp-json\/wp\/v2\/media\/5705"}],"wp:attachment":[{"href":"https:\/\/nordichouse.is\/en\/wp-json\/wp\/v2\/media?parent=9450"}],"wp:term":[{"taxonomy":"event-categories","embeddable":true,"href":"https:\/\/nordichouse.is\/en\/wp-json\/wp\/v2\/event-categories?post=9450"}],"curies":[{"name":"wp","href":"https:\/\/api.w.org\/{rel}","templated":true}]}}