{"id":24446,"date":"2020-05-11T14:53:25","date_gmt":"2020-05-11T14:53:25","guid":{"rendered":"https:\/\/nordichouse.is\/event\/live-stream-veera-salmi-and-matti-pikkujamsa\/"},"modified":"2020-05-11T14:53:25","modified_gmt":"2020-05-11T14:53:25","slug":"live-stream-veera-salmi-and-matti-pikkujamsa","status":"publish","type":"event","link":"https:\/\/nordichouse.is\/en\/event\/live-stream-veera-salmi-and-matti-pikkujamsa\/","title":{"rendered":"LIVE STREAM Veera Salmi and Matti Pikkuj\u00e4ms\u00e4"},"content":{"rendered":"<p>Author Veera Salmi and illustrator Matti Pikkuj\u00e4ms\u00e4, who are nominees for The Nordic Council Children and Young People\u2019s Literature Prize discuss their nominated book Sorsa Aaltonen ja lent\u00e4misen oireet with children\u2019s library pedagogue Pirkko Ilmanen<\/p>\n<p>The interview is streamed live on Facebook<\/p>\n<p>Read more about the autors and the book Sorsa Aaltonen ja lent\u00e4misen oireet at norden.org<\/p>\n","protected":false},"excerpt":{"rendered":"<p>Author Veera Salmi and illustrator Matti Pikkuj\u00e4ms\u00e4, who are nominees for The Nordic Council Children and Young People\u2019s Literature Prize discuss their nominated book Sorsa Aaltonen ja lent\u00e4misen oireet with children\u2019s library pedagogue Pirkko Ilmanen The interview is streamed live on Facebook Read more about the autors and the book Sorsa Aaltonen ja lent\u00e4misen oireet [&hellip;]<\/p>\n","protected":false},"featured_media":24445,"template":"","event-categories":[8],"class_list":["post-24446","event","type-event","status-publish","has-post-thumbnail","hentry","event-categories-literature","has-banner-image"],"acf":[],"_links":{"self":[{"href":"https:\/\/nordichouse.is\/en\/wp-json\/wp\/v2\/event\/24446","targetHints":{"allow":["GET"]}}],"collection":[{"href":"https:\/\/nordichouse.is\/en\/wp-json\/wp\/v2\/event"}],"about":[{"href":"https:\/\/nordichouse.is\/en\/wp-json\/wp\/v2\/types\/event"}],"wp:featuredmedia":[{"embeddable":true,"href":"https:\/\/nordichouse.is\/en\/wp-json\/wp\/v2\/media\/24445"}],"wp:attachment":[{"href":"https:\/\/nordichouse.is\/en\/wp-json\/wp\/v2\/media?parent=24446"}],"wp:term":[{"taxonomy":"event-categories","embeddable":true,"href":"https:\/\/nordichouse.is\/en\/wp-json\/wp\/v2\/event-categories?post=24446"}],"curies":[{"name":"wp","href":"https:\/\/api.w.org\/{rel}","templated":true}]}}