{"id":16884,"date":"2018-10-10T09:53:02","date_gmt":"2018-10-10T09:53:02","guid":{"rendered":"https:\/\/nordichouse.is\/?post_type=event&#038;p=16884"},"modified":"2018-10-10T12:02:19","modified_gmt":"2018-10-10T12:02:19","slug":"malthing-lifandi-samfelag","status":"publish","type":"event","link":"https:\/\/nordichouse.is\/en\/event\/malthing-lifandi-samfelag\/","title":{"rendered":"Seminar: Live community"},"content":{"rendered":"<h4>The Society Living Community will hold a seminar at the Nordic House Saturday November 3., the event is open to everyone and free admission. The keynote will be in English.<\/h4>\n<p>Samt\u00f6kin voru stofnu\u00f0 \u00ed Reykjav\u00edk 21. apr\u00edl 2018 og segja m\u00e1 a\u00f0 stofnunin s\u00e9 vi\u00f0br\u00f6g\u00f0 vi\u00f0\u00a0 \u00feeim a\u00f0st\u00e6\u00f0um \u00ed h\u00fasn\u00e6\u00f0ism\u00e1lum a\u00f0:<\/p>\n<ul>\n<li>fj\u00e1rmagni\u00f0 hefur fengi\u00f0 forgang fram yfir neytandann<\/li>\n<li>neytendaf\u00e9l\u00f6gum og einstaklingum hefur veri\u00f0 gert \u00f6r\u00f0ugt um fj\u00e1rm\u00f6gnun<\/li>\n<li>deiliskipulag hefur veri\u00f0 gert \u00ed\u00feyngjandi<\/li>\n<li>leigumarka\u00f0ur \u00ed hagna\u00f0arskyni fengi\u00f0 fr\u00edtt spil<\/li>\n<li>einhli\u00f0a stofnanatilbo\u00f0 til aldra\u00f0s f\u00f3lks<\/li>\n<li>vaxandi a\u00f0skilna\u00f0ur h\u00f3pa \u00ed samf\u00e9laginu eftir t.d. efnahag, aldri og uppruna<\/li>\n<\/ul>\n<p>Samt\u00f6kin telja r\u00edka \u00fe\u00f6rf fyrir a\u00f0 draga \u00far einangrun f\u00f3lks, auka samvinnu og samstarf me\u00f0 breyttri b\u00fasetu og eflingu deilisamf\u00e9lagsins. <em>Lifandi samf\u00e9lag<\/em> \u00e6tlar s\u00e9r a\u00f0 benda \u00e1 kosti \u00feess a\u00f0 unni\u00f0 s\u00e9 a\u00f0 gagnkv\u00e6mri a\u00f0sto\u00f0 n\u00e1granna \u00e1 skipulag\u00f0an h\u00e1tt. \u00a0Samt\u00f6kin n\u00fdta s\u00e9r reynslu s\u00edna fr\u00e1 Danm\u00f6rku, Amer\u00edku og fleiri l\u00f6ndum, (Bof\u00e6llesskab\/Co-housing\/Co-operative Housing) en skapa samt eigin \u00fatg\u00e1fu af n\u00e1grannasamf\u00e9lagi og vi\u00f0halda sj\u00e1lfsforr\u00e6\u00f0i einstaklinga sem lengst. \u00deegar n\u00e6gilega margir hafa gengi\u00f0 til li\u00f0s vi\u00f0 samt\u00f6kin er h\u00e6gt a\u00f0 mynda h\u00f3pa sem vilja vinna saman. Menn koma s\u00e9r saman um markmi\u00f0 og lei\u00f0ir \u00e1 skipulegan h\u00e1tt og tala sig saman \u00e1\u00f0ur en fari\u00f0 er \u00ed framkv\u00e6mdir. \u00deetta getur teki\u00f0 langan t\u00edma, en ef liti\u00f0 er til \u00feess sem vel hefur reynst annars sta\u00f0ar er h\u00e6gt a\u00f0 stytta undirb\u00faningst\u00edmann.<\/p>\n<p><em>Lifandi samf\u00e9lag<\/em> \u00e6tlar s\u00e9r \u00fev\u00ed a\u00f0 standa fyrir n\u00e1mskei\u00f0um, r\u00e1\u00f0stefnum og fr\u00e6\u00f0slu fyrir f\u00e9lagsmenn og a\u00f0ra \u00e1hugamenn og au\u00f0velda \u00feannig stofnun b\u00fasetuf\u00e9laga af \u00feessu tagi. \u00deannig \u00e6tlar <em>Lifandi samf\u00e9lag<\/em> s\u00e9r ekki a\u00f0 standa sj\u00e1lft \u00ed framkv\u00e6mdum, en skapa skilyr\u00f0in me\u00f0 \u00fev\u00ed a\u00f0 vera umr\u00e6\u00f0uvettvangur og \u00feekkingarbanki fyrir \u00fe\u00e1 sem vilja taka sig saman og stofna b\u00fasetuf\u00e9l\u00f6g af \u00feessu tagi.<\/p>\n<p>Vi\u00f0 viljum vinna \u00ed g\u00f3\u00f0ri s\u00e1tt og samvinnu vi\u00f0 r\u00edki og sveitarf\u00e9l\u00f6g a\u00f0 verkefnum okkar og \u00e1formum.\u00a0Samt\u00f6kin eru rekin \u00e1n hagna\u00f0arsj\u00f3narmi\u00f0a. Vi\u00f0 erum me\u00f0 \u00fev\u00ed a\u00f0 hvetja til \u00feess a\u00f0 h\u00e6gt ver\u00f0i fyrir fj\u00f6lbreyttan h\u00f3p \u00ed aldri og uppruna a\u00f0 stofna eigi\u00f0 n\u00e1grannasamf\u00e9lag. Stefnt er a\u00f0 \u00fev\u00ed a\u00f0 samt\u00f6kin geti or\u00f0i\u00f0 landssamt\u00f6k.<\/p>\n<p>&nbsp;<\/p>\n<h4><strong>Dagskr\u00e1:<\/strong><\/h4>\n<p><strong>A\u00f0alfyrirlesari: Rudy Madsen fr\u00e1 Odense<\/strong><\/p>\n<p>Kl. 10:00 &#8211; <em>\u00de\u00e1tttakendur bo\u00f0nir velkomnir og kynning \u00e1 dagskr\u00e1nni &#8211;<\/em> (Magni og Rudy)<\/p>\n<p>Kl. 10:10 &#8211;\u00a0<em>Saga samtaka um n\u00e1grannaf\u00e9l\u00f6g \u00ed Danm\u00f6rku og kostir \u00feess a\u00f0 vera f\u00e9lagi<\/em>\u00a0&#8211;\u00a0<a href=\"http:\/\/bof\u00e6llesskab.dk\/\">Bof\u00e6llesskab.dk<\/a><\/p>\n<p>Kl. 10:30 &#8211; <em>Hvernig stofnar ma\u00f0ur samt\u00f6k um n\u00e1grannaf\u00e9l\u00f6g<\/em><\/p>\n<p>Kl. 11:00 &#8211; <em>A\u00f0 byggja upp sterkt samf\u00e9lag<\/em><\/p>\n<p>Kl. 11:30 &#8211; <em>A\u00f0 vi\u00f0halda og efla n\u00e1grannasamf\u00e9lag eftir stofnun \u00feess<\/em><\/p>\n<p>Kl. 11:50 &#8211;\u00a0<em>Spurningum svara\u00f0<\/em><\/p>\n<p><strong>Kl. 12:00 \u2013 <em>H\u00e1degisver\u00f0ur<\/em><\/strong><\/p>\n<p>Kl. 13:00 &#8211; <em>H\u00f3par mynda\u00f0ir til a\u00f0 vinna \u00far uppl\u00fdsingum<\/em><\/p>\n<p>Kl. 13:15 &#8211; <em>H\u00f3pavinna me\u00f0 \u00e1herslu \u00e1 a\u00f0 stofna n\u00e1grannasamf\u00e9l\u00f6g<\/em><\/p>\n<p><strong>Kl. 14:45 &#8211; <em>Kaffi og te<\/em><\/strong><\/p>\n<p>Kl. 15:00 &#8211; <em>Hvernig vinnuh\u00f3par eru mynda\u00f0ir til a\u00f0 vi\u00f0halda starfinu \u00ed samt\u00f6kunum<\/em><\/p>\n<p>Kl. 15:15 &#8211; <em>Ni\u00f0ursst\u00f6\u00f0ur kynntar \u00far h\u00f3pavinnu<\/em><\/p>\n<p>Kl. 16:00 &#8211; <em>Mat, upprifjun og n\u00e1mskei\u00f0slok<\/em><\/p>\n<p>&nbsp;<\/p>\n<p><img decoding=\"async\" class=\"alignnone size-full wp-image-16874 lazyload\" data-src=\"https:\/\/nordichouse.is\/wp-content\/uploads\/2018\/10\/rudy.jpg\" alt=\"\" width=\"600\" height=\"600\" data-srcset=\"https:\/\/nordichouse.is\/wp-content\/uploads\/2018\/10\/rudy.jpg 600w, https:\/\/nordichouse.is\/wp-content\/uploads\/2018\/10\/rudy-400x400.jpg 400w\" data-sizes=\"(max-width: 600px) 100vw, 600px\" src=\"data:image\/svg+xml;base64,PHN2ZyB3aWR0aD0iMSIgaGVpZ2h0PSIxIiB4bWxucz0iaHR0cDovL3d3dy53My5vcmcvMjAwMC9zdmciPjwvc3ZnPg==\" style=\"--smush-placeholder-width: 600px; --smush-placeholder-aspect-ratio: 600\/600;\" \/><\/p>\n","protected":false},"excerpt":{"rendered":"<p>The Society Living Community will hold a seminar at the Nordic House Saturday November 3., the event is open to everyone and free admission. The keynote will be in English. Samt\u00f6kin voru stofnu\u00f0 \u00ed Reykjav\u00edk 21. apr\u00edl 2018 og segja m\u00e1 a\u00f0 stofnunin s\u00e9 vi\u00f0br\u00f6g\u00f0 vi\u00f0\u00a0 \u00feeim a\u00f0st\u00e6\u00f0um \u00ed h\u00fasn\u00e6\u00f0ism\u00e1lum a\u00f0: fj\u00e1rmagni\u00f0 hefur fengi\u00f0 forgang [&hellip;]<\/p>\n","protected":false},"featured_media":16882,"template":"","event-categories":[7],"class_list":["post-16884","event","type-event","status-publish","has-post-thumbnail","hentry","event-categories-lecture","no-banner-image"],"acf":[],"_links":{"self":[{"href":"https:\/\/nordichouse.is\/en\/wp-json\/wp\/v2\/event\/16884","targetHints":{"allow":["GET"]}}],"collection":[{"href":"https:\/\/nordichouse.is\/en\/wp-json\/wp\/v2\/event"}],"about":[{"href":"https:\/\/nordichouse.is\/en\/wp-json\/wp\/v2\/types\/event"}],"wp:featuredmedia":[{"embeddable":true,"href":"https:\/\/nordichouse.is\/en\/wp-json\/wp\/v2\/media\/16882"}],"wp:attachment":[{"href":"https:\/\/nordichouse.is\/en\/wp-json\/wp\/v2\/media?parent=16884"}],"wp:term":[{"taxonomy":"event-categories","embeddable":true,"href":"https:\/\/nordichouse.is\/en\/wp-json\/wp\/v2\/event-categories?post=16884"}],"curies":[{"name":"wp","href":"https:\/\/api.w.org\/{rel}","templated":true}]}}