{"id":16111,"date":"2018-09-04T15:50:00","date_gmt":"2018-09-04T15:50:00","guid":{"rendered":"https:\/\/nordichouse.is\/event\/a-islenskt-samfelag\/"},"modified":"2018-09-04T16:42:10","modified_gmt":"2018-09-04T16:42:10","slug":"a-islenskt-samfelag","status":"publish","type":"event","link":"https:\/\/nordichouse.is\/en\/event\/a-islenskt-samfelag\/","title":{"rendered":"The impact of social innovation on Icelandic society"},"content":{"rendered":"<h1>The impact of social innovation on Icelandic society<\/h1>\n<h3>Thursday September 6th from 12:00 PM to 1:30 PM in the Nordic House. Open conference organized by H\u00f6f\u00f0a Fridarsetur, Innovation Center of Iceland and Partner Snjallr\u00e6\u00f0is. The event will be in Icelandic.<\/h3>\n<p>&nbsp;<\/p>\n<p><iframe id=\"ls_embed_1536077906\" data-src=\"https:\/\/livestream.com\/accounts\/14889744\/events\/8357515\/player?width=640&amp;height=360&amp;enableInfoAndActivity=true&amp;defaultDrawer=&amp;autoPlay=true&amp;mute=false\" width=\"640\" height=\"360\" frameborder=\"0\" scrolling=\"no\" allowfullscreen=\"allowfullscreen\" src=\"data:image\/svg+xml;base64,PHN2ZyB3aWR0aD0iMSIgaGVpZ2h0PSIxIiB4bWxucz0iaHR0cDovL3d3dy53My5vcmcvMjAwMC9zdmciPjwvc3ZnPg==\" class=\"lazyload\" data-load-mode=\"1\"> <\/iframe><script type=\"text\/javascript\" data-embed_id=\"ls_embed_1536077906\" src=\"https:\/\/livestream.com\/assets\/plugins\/referrer_tracking.js\"><\/script><\/p>\n<p>&nbsp;<\/p>\n<p>&nbsp;<\/p>\n<p><strong>Samf\u00e9lagsleg n\u00fdsk\u00f6pun \u2013 krafa n\u00fdrrar kynsl\u00f3\u00f0ar?<\/strong><\/p>\n<p>Ragna Sara J\u00f3nsd\u00f3ttir fjallar um mikilv\u00e6gi \u00feess a\u00f0 horfa til samf\u00e9lags- og umhverfis\u00fe\u00e1tta \u00ed n\u00fdsk\u00f6pun \u00ed dag. Hvernig hefur hugtaki\u00f0 samf\u00e9lagsleg n\u00fdsk\u00f6pun \u00fer\u00f3ast \u00e1 undanf\u00f6rnum \u00e1rum og hver er sta\u00f0an \u00ed l\u00f6ndunum \u00ed kringum okkur? Ragna Sara hefur starfa\u00f0 me\u00f0 einum e\u00f0a \u00f6\u00f0rum h\u00e6tti vi\u00f0 sj\u00e1lfb\u00e6rni, samf\u00e9lags\u00e1byrg\u00f0, jafnr\u00e9ttis- og umhverfism\u00e1l fr\u00e1 \u00e1rinu 2008 b\u00e6\u00f0i vi\u00f0 r\u00e1\u00f0gj\u00f6f, kennslu, innlei\u00f0ingu og stj\u00f3rnun, me\u00f0al annars fyrir Sameinu\u00f0u \u00fej\u00f3\u00f0irnar (UNDP), utanr\u00edkisr\u00e1\u00f0uneyti\u00f0, Landsvirkjun og UN Women.<\/p>\n<p>&nbsp;<\/p>\n<p><strong>Samf\u00e9lagslegur \u00e1vinningur af verkfr\u00e6\u00f0i<\/strong><\/p>\n<p>R\u00fanar Unn\u00fe\u00f3rsson fjallar um \u00fe\u00e1tt verkfr\u00e6\u00f0innar \u00ed m\u00f3tun n\u00fat\u00edma samf\u00e9lags, hlutverk verkfr\u00e6\u00f0innar \u00ed samf\u00e9lagslegri n\u00fdsk\u00f6pun og hvernig \u00e1herslur \u00e1 samf\u00e9lags\u00e1byrg\u00f0 hafa \u00fer\u00f3ast innan verkfr\u00e6\u00f0innar. R\u00fanar er pr\u00f3fessor \u00ed i\u00f0na\u00f0arverkfr\u00e6\u00f0i vi\u00f0 H\u00e1sk\u00f3la \u00cdslands og hefur teki\u00f0 \u00fe\u00e1tt \u00ed fj\u00f6lm\u00f6rgum samf\u00e9lagslegum n\u00fdsk\u00f6punarverkefnum, til a\u00f0 mynda \u00e1 svi\u00f0i umhverfisverndar og heilbrig\u00f0isv\u00edsinda.<\/p>\n<p>&nbsp;<\/p>\n<p><strong>Fundarstj\u00f3ri:<\/strong> Hrund Gunnsteinsd\u00f3ttir, \u00fer\u00f3unarfr\u00e6\u00f0ingur og stj\u00f3rnarforma\u00f0ur T\u00e6kni\u00fer\u00f3unarsj\u00f3\u00f0s.<\/p>\n<p>Er til umhverfisv\u00e6n lausn sem getur komi\u00f0 \u00ed sta\u00f0 plastfl\u00f6skunnar? Hvernig er a\u00f0gengi fyrir hreyfihamla\u00f0a \u00e1 veitingast\u00f6\u00f0um landsins? Geta ungir str\u00e1kar l\u00e6rt a\u00f0 skilja betur eigin tilfinningar?<\/p>\n<p>\u00d6rkynningar \u00e1 \u00e1hugaver\u00f0um samf\u00e9lagsverkefnum sem s\u00fdna gl\u00f6ggt fj\u00f6lbreytt litr\u00f3f samf\u00e9lagslegrar n\u00fdsk\u00f6punar h\u00e9r \u00e1 landi.<\/p>\n<p>Kynning \u00e1 Snjallr\u00e6\u00f0i, n\u00fdjum vi\u00f0skiptahra\u00f0li fyrir frumkv\u00f6\u00f0la sem vilja virkja hugsj\u00f3nir s\u00ednar til a\u00f0 leysa \u00far samf\u00e9lagslegum \u00e1skorunum. Opi\u00f0 er fyrir ums\u00f3knir \u00ed hra\u00f0alinn sem hefst \u00ed haust \u2013 10\/10 2018 &#8211; www.snjallraedi.is<\/p>\n<p>Ums\u00f3knarfrestur er til 10. september nk.<\/p>\n<p>Ekki l\u00e1ta \u00feennan vi\u00f0bur\u00f0 framhj\u00e1 ykkur fara!<\/p>\n<p><strong>Vi\u00f0bur\u00f0urinn fer fram \u00e1 \u00edslensku og er \u00f6llum opinn.<\/strong><\/p>\n","protected":false},"excerpt":{"rendered":"<p>The impact of social innovation on Icelandic society Thursday September 6th from 12:00 PM to 1:30 PM in the Nordic House. Open conference organized by H\u00f6f\u00f0a Fridarsetur, Innovation Center of Iceland and Partner Snjallr\u00e6\u00f0is. The event will be in Icelandic. &nbsp; &nbsp; &nbsp; Samf\u00e9lagsleg n\u00fdsk\u00f6pun \u2013 krafa n\u00fdrrar kynsl\u00f3\u00f0ar? Ragna Sara J\u00f3nsd\u00f3ttir fjallar um mikilv\u00e6gi [&hellip;]<\/p>\n","protected":false},"featured_media":16109,"template":"","event-categories":[7,92],"class_list":["post-16111","event","type-event","status-publish","has-post-thumbnail","hentry","event-categories-lecture","event-categories-livestream-en","has-banner-image"],"acf":[],"_links":{"self":[{"href":"https:\/\/nordichouse.is\/en\/wp-json\/wp\/v2\/event\/16111","targetHints":{"allow":["GET"]}}],"collection":[{"href":"https:\/\/nordichouse.is\/en\/wp-json\/wp\/v2\/event"}],"about":[{"href":"https:\/\/nordichouse.is\/en\/wp-json\/wp\/v2\/types\/event"}],"wp:featuredmedia":[{"embeddable":true,"href":"https:\/\/nordichouse.is\/en\/wp-json\/wp\/v2\/media\/16109"}],"wp:attachment":[{"href":"https:\/\/nordichouse.is\/en\/wp-json\/wp\/v2\/media?parent=16111"}],"wp:term":[{"taxonomy":"event-categories","embeddable":true,"href":"https:\/\/nordichouse.is\/en\/wp-json\/wp\/v2\/event-categories?post=16111"}],"curies":[{"name":"wp","href":"https:\/\/api.w.org\/{rel}","templated":true}]}}