{"id":15527,"date":"2018-06-25T13:54:00","date_gmt":"2018-06-25T13:54:00","guid":{"rendered":"https:\/\/nordichouse.is\/?post_type=event&#038;p=15527"},"modified":"2018-06-26T14:26:14","modified_gmt":"2018-06-26T14:26:14","slug":"volund-tonleikar-korsins-vilda-faglar-fra-gotlandi","status":"publish","type":"event","link":"https:\/\/nordichouse.is\/en\/event\/volund-tonleikar-korsins-vilda-faglar-fra-gotlandi\/","title":{"rendered":"Volund \u2013 Concert by Vilda F\u00e5glar from Gotland"},"content":{"rendered":"<h1>The choir Vilda F\u00e5glar from Gotland performs at the Nordic House on the 9th of July at 8pm.<\/h1>\n<p><strong>Vilda F\u00e5glar<\/strong>\u00a0(eng. Wild Birds) is a choir from Gotland, Sweden, consisting of 13 singers. This summer, they will be touring in Iceland with a musical drama\u00a0Volund. It is an original piece based on the old stories of Gotland and Iceland&#8217;s common past (text by\u00a0<strong>Eva Sj\u00f6strand,<\/strong>\u00a0music by\u00a0<strong>Jan Ekedahls,\u00a0<\/strong>arrangement for choir by\u00a0<strong>Mats Hallberg<\/strong>).<\/p>\n<p><strong>.<\/strong><img decoding=\"async\" class=\"wp-image-15520 lazyload\" data-src=\"https:\/\/nordichouse.is\/wp-content\/uploads\/2018\/06\/volund-3-foto-tommy-sderlund--427x640.jpeg\" alt=\"\" width=\"317\" height=\"476\" data-srcset=\"https:\/\/nordichouse.is\/wp-content\/uploads\/2018\/06\/volund-3-foto-tommy-sderlund--427x640.jpeg 427w, https:\/\/nordichouse.is\/wp-content\/uploads\/2018\/06\/volund-3-foto-tommy-sderlund--814x1220.jpeg 814w, https:\/\/nordichouse.is\/wp-content\/uploads\/2018\/06\/volund-3-foto-tommy-sderlund--768x1151.jpeg 768w, https:\/\/nordichouse.is\/wp-content\/uploads\/2018\/06\/volund-3-foto-tommy-sderlund--1025x1536.jpeg 1025w, https:\/\/nordichouse.is\/wp-content\/uploads\/2018\/06\/volund-3-foto-tommy-sderlund--1366x2048.jpeg 1366w, https:\/\/nordichouse.is\/wp-content\/uploads\/2018\/06\/volund-3-foto-tommy-sderlund--scaled.jpeg 1708w\" data-sizes=\"(max-width: 317px) 100vw, 317px\" src=\"data:image\/svg+xml;base64,PHN2ZyB3aWR0aD0iMSIgaGVpZ2h0PSIxIiB4bWxucz0iaHR0cDovL3d3dy53My5vcmcvMjAwMC9zdmciPjwvc3ZnPg==\" style=\"--smush-placeholder-width: 317px; --smush-placeholder-aspect-ratio: 317\/476;\" \/><\/p>\n<p>Photo: Tommy S\u00f6derlund<\/p>\n<p>V\u00f6lundarkvi\u00f0a, one of the epic poems of the medieval Poetic Edda, represents a special connection between Iceland and Gotland. Volund is a performance piece where the writer Eva Sj\u00f6strand recites the story of V\u00f6lundarkvi\u00f0a in her mothertongue, Gutnish, which is easy to understand for speakers of Modern Icelandic. Along with this, the talented choir singers, five of whom are amazing soloists, perform music in Gutnish led by the choirmaster Karin Kickan Holmberg.<\/p>\n<p><span class=\"EOP SCXW225720330\" data-ccp-props=\"{&quot;201341983&quot;:0,&quot;335559739&quot;:160,&quot;335559740&quot;:259}\"><b>Tickets by the entrance,\u00a01.500 ISK<\/b><\/span><\/p>\n<p>Vilda F\u00e5glar in Iceland:<\/p>\n<p>7th July \u2013 <a href=\"https:\/\/siglofestival.com\/\">Folk Music Festival<\/a> in Siglufj\u00f6r\u00f0ur<\/p>\n<p>8th July \u2013 Hvammstangi church<\/p>\n<p>9th July \u2013 The Nordic House in Reykjav\u00edk<\/p>\n","protected":false},"excerpt":{"rendered":"<p>The choir Vilda F\u00e5glar from Gotland performs at the Nordic House on the 9th of July at 8pm. Vilda F\u00e5glar\u00a0(eng. Wild Birds) is a choir from Gotland, Sweden, consisting of 13 singers. This summer, they will be touring in Iceland with a musical drama\u00a0Volund. It is an original piece based on the old stories of [&hellip;]<\/p>\n","protected":false},"featured_media":15525,"template":"","event-categories":[5],"class_list":["post-15527","event","type-event","status-publish","has-post-thumbnail","hentry","event-categories-concert","has-banner-image"],"acf":[],"_links":{"self":[{"href":"https:\/\/nordichouse.is\/en\/wp-json\/wp\/v2\/event\/15527","targetHints":{"allow":["GET"]}}],"collection":[{"href":"https:\/\/nordichouse.is\/en\/wp-json\/wp\/v2\/event"}],"about":[{"href":"https:\/\/nordichouse.is\/en\/wp-json\/wp\/v2\/types\/event"}],"wp:featuredmedia":[{"embeddable":true,"href":"https:\/\/nordichouse.is\/en\/wp-json\/wp\/v2\/media\/15525"}],"wp:attachment":[{"href":"https:\/\/nordichouse.is\/en\/wp-json\/wp\/v2\/media?parent=15527"}],"wp:term":[{"taxonomy":"event-categories","embeddable":true,"href":"https:\/\/nordichouse.is\/en\/wp-json\/wp\/v2\/event-categories?post=15527"}],"curies":[{"name":"wp","href":"https:\/\/api.w.org\/{rel}","templated":true}]}}