{"id":692,"date":"2015-06-04T10:04:24","date_gmt":"2015-06-04T10:04:24","guid":{"rendered":"https:\/\/nordichouse.is\/event\/hreyfiafl-myrkurs-i-nordrinu-2\/"},"modified":"2015-06-04T10:12:17","modified_gmt":"2015-06-04T10:12:17","slug":"hreyfiafl-myrkurs-i-nordrinu","status":"publish","type":"event","link":"https:\/\/nordichouse.is\/da\/begivenhed\/hreyfiafl-myrkurs-i-nordrinu\/","title":{"rendered":"M\u00f8rkets dynamik"},"content":{"rendered":"<p>M\u00f8rkets dynamic i Norden<br \/>\nNaturligt<br \/>\nDannet<br \/>\nKulturelt<br \/>\nKunst og akademsik begivenhed<br \/>\n26-28. FEBR\u00daAR, 2015     REYKJAV\u00cdK<\/p>\n<p>The United Nations has declared 2015 the International Year of Light and thus we are curious to explore the infinite choreographies of darkness and light that affect everyday experiences of people inhabiting the North. The aim of this scientific and artistic, multidisciplinary international conference is to bring together different perspectives and to create conversations between different groups of audiences, ranging from students and academics to artists and the general public.<\/p>\n<p><strong><br \/>\nOrganiseret af:<\/strong><\/p>\n<p>Daniel Chartier, Universit\u00e9 du Qu\u00e9bec \u00e0 Montr\u00e9al; Gunnar Th\u00f3r J\u00f3hannesson, H\u00e1sk\u00f3la \u00cdslands; Katr\u00edn Anna Lund, H\u00e1sk\u00f3la \u00cdslands; Hulda Stef\u00e1nsd\u00f3ttir, Listah\u00e1sk\u00f3la \u00cdslands; \u00d3l\u00f6f Ger\u00f0ur Sigf\u00fasd\u00f3ttir, Listah\u00e1sk\u00f3la \u00cdslands; Sigurj\u00f3n Baldur Hafsteinsson, H\u00e1sk\u00f3la \u00cdslands; Karen M\u00f6ller S\u00edvertsen, H\u00e1sk\u00f3la \u00cdslands, Hildigunnur Sverrisd\u00f3ttir, Listah\u00e1sk\u00f3la \u00cdslands; \u00deur\u00ed\u00f0ur Helga Kristj\u00e1nsd\u00f3ttir, Norr\u00e6na h\u00fasi\u00f0, Reykjav\u00edk og Stewart Wheeler, Sendir\u00e1\u00f0 Kanada \u00e1 \u00cdslandi.<br \/>\n<a href=\"http:\/\/www.nord.uqam.ca\" target=\"_blank\">www.nord.uqam.ca<\/a><\/p>\n","protected":false},"excerpt":{"rendered":"<p>M\u00f8rkets dynamic i Norden Naturligt Dannet Kulturelt Kunst og akademsik begivenhed 26-28. FEBR\u00daAR, 2015 REYKJAV\u00cdK The United Nations has declared 2015 the International Year of Light and thus we are curious to explore the infinite choreographies of darkness and light that affect everyday experiences of people inhabiting the North. The aim of this scientific and [&hellip;]<\/p>\n","protected":false},"featured_media":691,"template":"","event-categories":[],"class_list":["post-692","event","type-event","status-publish","has-post-thumbnail","hentry","has-banner-image"],"acf":[],"_links":{"self":[{"href":"https:\/\/nordichouse.is\/da\/wp-json\/wp\/v2\/event\/692","targetHints":{"allow":["GET"]}}],"collection":[{"href":"https:\/\/nordichouse.is\/da\/wp-json\/wp\/v2\/event"}],"about":[{"href":"https:\/\/nordichouse.is\/da\/wp-json\/wp\/v2\/types\/event"}],"wp:featuredmedia":[{"embeddable":true,"href":"https:\/\/nordichouse.is\/da\/wp-json\/wp\/v2\/media\/691"}],"wp:attachment":[{"href":"https:\/\/nordichouse.is\/da\/wp-json\/wp\/v2\/media?parent=692"}],"wp:term":[{"taxonomy":"event-categories","embeddable":true,"href":"https:\/\/nordichouse.is\/da\/wp-json\/wp\/v2\/event-categories?post=692"}],"curies":[{"name":"wp","href":"https:\/\/api.w.org\/{rel}","templated":true}]}}