{"id":64623,"date":"2026-04-29T12:10:57","date_gmt":"2026-04-29T12:10:57","guid":{"rendered":"https:\/\/nordichouse.is\/?post_type=event&#038;p=64623"},"modified":"2026-04-29T13:14:44","modified_gmt":"2026-04-29T13:14:44","slug":"poelse-poesi-2","status":"publish","type":"event","link":"https:\/\/nordichouse.is\/da\/begivenhed\/poelse-poesi-2\/","title":{"rendered":"P\u00f8lse&#038;Poesi"},"content":{"rendered":"<h4><strong>Velkommen til \u00e5rets P\u00f8lse&amp;Poesi!<\/strong><\/h4>\n<p><span data-contrast=\"auto\">I \u00e5r f\u00e5r vi bes\u00f8k fra Sverige og vi har oppvarmingspoeter som deltok p\u00e5 Nordens hus\u2019 skrivekurs i april. Som vanlig blir det p\u00f8lser, drikke, mingling og opplesninger. Temaet er mold\/jordsmonn\/membran og knytter seg til utstillingen i Hvelfing. <\/span><\/p>\n<p><strong>Alle er velkomne og spr\u00e5kene det leses p\u00e5 vil v\u00e6re islandsk, svensk og norsk.\u00a0<\/strong><\/p>\n<p><span data-contrast=\"auto\"><em><br \/>\nOppvarmingspoeter:<br \/>\n<\/em><br \/>\n<strong>S\u00f3ld\u00eds, Embla og Marta<\/strong><\/span><strong>\u00a0<\/strong><\/p>\n<p><em>Diktergjester:\u00a0<\/em><\/p>\n<p><b><span data-contrast=\"none\">Anna Hallberg <\/span><\/b><span data-contrast=\"none\">ble f\u00f8dt i 1975 og debuterte i 2001 med diktsamlingen <\/span><i><span data-contrast=\"none\">Friktion<\/span><\/i><span data-contrast=\"none\">.<\/span> <span data-contrast=\"none\">Hun har mottatt flere priser og blitt nominert til enda flere. <\/span><i><span data-contrast=\"none\">AN<\/span><\/i><span data-contrast=\"none\"> er den tiende diktsamlingen hennes, og det er tredje gang hun nomineres til Nordisk r\u00e5ds litteraturpris; tidligere har diktsamlingene <\/span><i><span data-contrast=\"none\">Colosseum Kolosseum<\/span><\/i><span data-contrast=\"none\">, som kom i 2010, og <\/span><i><span data-contrast=\"none\">P\u00e5 era platser<\/span><\/i><span data-contrast=\"none\"> fra 2004 blitt nominert. I tillegg til det lyriske forfatterskapet har hun i mange \u00e5r v\u00e6rt en innflytelsesrik og respektert litteraturkritiker og lyrikkdebattant i den svenske offentligheten. <\/span><span data-ccp-props=\"{&quot;134233117&quot;:false,&quot;134233118&quot;:false,&quot;335557856&quot;:16448250,&quot;335559738&quot;:0,&quot;335559739&quot;:75}\">\u00a0<\/span><span data-ccp-props=\"{&quot;134233117&quot;:false,&quot;134233118&quot;:false,&quot;335557856&quot;:16448250,&quot;335559738&quot;:0,&quot;335559739&quot;:75}\">\u00a0<\/span><\/p>\n<p><b><span data-contrast=\"none\">Sigurbj\u00f6rg \u00derastard\u00f3ttir <\/span><\/b><span data-contrast=\"none\">ble f\u00f8dt i 1973. Hennes f\u00f8rste bok, diktsamlingen <\/span><i><span data-contrast=\"none\">Bl\u00e1logaland<\/span><\/i><span data-contrast=\"none\">, ble utgitt i 1999, men hun har siden utgitt flere diktsamlinger, skuespill og prosaverk.<\/span><span data-ccp-props=\"{&quot;134233117&quot;:false,&quot;134233118&quot;:false,&quot;335557856&quot;:16448250,&quot;335559738&quot;:0,&quot;335559739&quot;:75}\">\u00a0<\/span><span data-contrast=\"none\">Sigurbj\u00f6rg har mottatt flere priser for sitt arbeid, inkludert diktsamlingen Hnattflug, som ble valgt til \u00e5rets beste diktbok av bokhandelens ansatte i 2000, og diktsamlingen Blysfarir, som mottok Fj\u00f6ruver\u00f0launin i 2008 og ble nominert til Nordisk r\u00e5ds litteraturpris.\u00a0<\/span><span data-ccp-props=\"{&quot;134233117&quot;:false,&quot;134233118&quot;:false,&quot;335557856&quot;:16448250,&quot;335559738&quot;:0,&quot;335559739&quot;:75}\">\u00a0<\/span><span data-contrast=\"none\">Sigurbj\u00f6rgs dikt har blitt oversatt til en rekke spr\u00e5k i forbindelse med litteraturkonferanser, poesifestivaler og utgivelse av antologier over hele Europa.\u00a0<\/span><span data-ccp-props=\"{&quot;134233117&quot;:false,&quot;134233118&quot;:false,&quot;335557856&quot;:16448250,&quot;335559738&quot;:0,&quot;335559739&quot;:75}\">\u00a0<\/span><\/p>\n<p><b><span data-contrast=\"auto\">J\u00f6rgen Gassilewski,<\/span><\/b><span data-contrast=\"auto\"> f\u00f8dt 1961, er utdannet bildekunstner, men er ogs\u00e5 virksom som poet, romanforfatter, kritiker, oversetter og kulturjournalist. Han debuterte med diktsamlingen <\/span><i><span data-contrast=\"auto\">Du<\/span><\/i><span data-contrast=\"auto\"> i 1987.\u00a0 Gassilewski har v\u00e6rt nominert til Augustprisen og i 2021 fikk han Erik Lindegren-prisen. I 2011 ble det publisert en\u00a0 samleutgave av Gassilewskis poesi, <\/span><i><span data-contrast=\"none\">Hittills samlad poesi 1983\u20132009.<\/span><\/i><span data-contrast=\"none\"> Han har blant annet medvirket i P1s Lyrikmagasinet og sittet i redaksjonen for poesitidsskriftet OEI. I tillegg underviser han og holder skrivekurs.<\/span><span data-ccp-props=\"{}\">\u00a0<\/span><\/p>\n<p><b><span data-contrast=\"none\">S\u00f6lvi Halld\u00f3rsson<\/span><\/b><span data-contrast=\"none\"> er f\u00f8dt i 1999 og oppvokst p\u00e5 Akureyri. Han har en\u00a0 bachelorgrad i islandsk og dansk fra Universitetet p\u00e5 Island, samt en mastergrad i skrivekunst fra samme universitet. S\u00f6lvi ga ut diktsamlingen <\/span><i><span data-contrast=\"none\">\u00deegar vi\u00f0 vorum hellisb\u00faar<\/span><\/i><span data-contrast=\"none\"> for to \u00e5r siden,og har skrevet litteraturanmeldelser for radioprogrammet V\u00ed\u00f0sj\u00e1 i tillegg til \u00e5 publisere dikt i Pastel-serien og diverse antologier, som Munnbita \u00c1stars\u00f6guf\u00e9lagins. S\u00f6lvi bor i Reykjav\u00edk og er medlem av poesikollektivet M\u00daKK.\u00a0<\/span><span data-ccp-props=\"{}\">\u00a0<\/span><\/p>\n<p>For informasjon om tilgjengelighet, <a href=\"https:\/\/nordichouse.is\/da\/aabningstider-og-tilgaengelighed\/\">klikk her<\/a>.<\/p>\n","protected":false},"excerpt":{"rendered":"<p>Velkommen til \u00e5rets P\u00f8lse&amp;Poesi! I \u00e5r f\u00e5r vi bes\u00f8k fra Sverige og vi har oppvarmingspoeter som deltok p\u00e5 Nordens hus\u2019 skrivekurs i april. Som vanlig blir det p\u00f8lser, drikke, mingling og opplesninger. Temaet er mold\/jordsmonn\/membran og knytter seg til utstillingen i Hvelfing. Alle er velkomne og spr\u00e5kene det leses p\u00e5 vil v\u00e6re islandsk, svensk og [&hellip;]<\/p>\n","protected":false},"featured_media":64618,"template":"","event-categories":[66],"class_list":["post-64623","event","type-event","status-publish","has-post-thumbnail","hentry","event-categories-alle-begivenheder","no-banner-image"],"acf":[],"_links":{"self":[{"href":"https:\/\/nordichouse.is\/da\/wp-json\/wp\/v2\/event\/64623","targetHints":{"allow":["GET"]}}],"collection":[{"href":"https:\/\/nordichouse.is\/da\/wp-json\/wp\/v2\/event"}],"about":[{"href":"https:\/\/nordichouse.is\/da\/wp-json\/wp\/v2\/types\/event"}],"wp:featuredmedia":[{"embeddable":true,"href":"https:\/\/nordichouse.is\/da\/wp-json\/wp\/v2\/media\/64618"}],"wp:attachment":[{"href":"https:\/\/nordichouse.is\/da\/wp-json\/wp\/v2\/media?parent=64623"}],"wp:term":[{"taxonomy":"event-categories","embeddable":true,"href":"https:\/\/nordichouse.is\/da\/wp-json\/wp\/v2\/event-categories?post=64623"}],"curies":[{"name":"wp","href":"https:\/\/api.w.org\/{rel}","templated":true}]}}