{"id":61213,"date":"2025-04-29T14:24:56","date_gmt":"2025-04-29T14:24:56","guid":{"rendered":"https:\/\/nordichouse.is\/?post_type=event&#038;p=61213"},"modified":"2025-04-29T14:31:45","modified_gmt":"2025-04-29T14:31:45","slug":"faaglar-sommarutstaellning-foer-barn","status":"publish","type":"event","link":"https:\/\/nordichouse.is\/da\/begivenhed\/faaglar-sommarutstaellning-foer-barn\/","title":{"rendered":"F\u00c5GLAR &#8211; sommarutst\u00e4llning f\u00f6r barn"},"content":{"rendered":"<p>Sommarutst\u00e4llningen p\u00e5 Nordens hus barnbibliotek \u00e4r baserad p\u00e5 boken <em><strong>F\u00e5glar<\/strong><\/em> av Hj\u00f6rleifur Hjartarson och R\u00e1n Flygenring. Utst\u00e4llningen kommer att lyfta fram tretton f\u00e5glar som har ett hem eller har stannat till i Vatnsm\u00fdrin utanf\u00f6r Nordens hus \u2013 som ocks\u00e5 \u00e4r ett f\u00e5gelskyddsomr\u00e5de. Interaktivt utbildningsmaterial relaterat till f\u00e5glar kommer att finnas tillg\u00e4ngligt p\u00e5 utst\u00e4llningen, och workshops och sagostunder kommer ocks\u00e5 att anordnas under utst\u00e4llningen.<\/p>\n<p><em>,,Boken lyfter fram f\u00e5glarnas viktigaste k\u00e4nnetecken i spr\u00e5k och bild, utan att ta sig sj\u00e4lv p\u00e5 f\u00f6r stort allvar, och resultatet \u00e4r en unik och ovanlig, men samtidigt informativ bok om isl\u00e4ndska f\u00e5glar. &#8220;<\/em><\/p>\n<p>Boken publicerades 2017 av Angust\u00fara. Den har f\u00e5tt Reykjav\u00edks barnbokpris i kategorin illustrationer och F\u00cdT-priset f\u00f6r illustrationer, samt nominerats till det isl\u00e4ndska litteraturpriset.<\/p>\n<p><strong><em>F\u00f6rskolor, skolor och fritidsgrupper kan boka en gratis guidad tur med en pedagog genom att skicka en f\u00f6rfr\u00e5gan till hrafnhildur@nordichouse.is.<\/em><\/strong><\/p>\n<p>\u00d6PPETTIDER OCH TILLG\u00c4NGLIGHET: Nordiska husets barnbokssamling \u00e4r \u00f6ppen f\u00f6r alla, rullstolsanpassning sker via hiss och d\u00e4rifr\u00e5n genom Hvelfinga utst\u00e4llningsutrymme. Tillg\u00e4ngliga toaletter och omkl\u00e4dningsrum finns p\u00e5 byggnadens entr\u00e9plan. Bibliotekspersonalen ger ytterligare information och hj\u00e4lp vid behov.<\/p>\n","protected":false},"excerpt":{"rendered":"<p>Sommarutst\u00e4llningen p\u00e5 Nordens hus barnbibliotek \u00e4r baserad p\u00e5 boken F\u00e5glar av Hj\u00f6rleifur Hjartarson och R\u00e1n Flygenring. Utst\u00e4llningen kommer att lyfta fram tretton f\u00e5glar som har ett hem eller har stannat till i Vatnsm\u00fdrin utanf\u00f6r Nordens hus \u2013 som ocks\u00e5 \u00e4r ett f\u00e5gelskyddsomr\u00e5de. Interaktivt utbildningsmaterial relaterat till f\u00e5glar kommer att finnas tillg\u00e4ngligt p\u00e5 utst\u00e4llningen, och workshops [&hellip;]<\/p>\n","protected":false},"featured_media":61425,"template":"","event-categories":[67,73],"class_list":["post-61213","event","type-event","status-publish","has-post-thumbnail","hentry","event-categories-for-born","event-categories-udstillinger","no-banner-image"],"acf":[],"_links":{"self":[{"href":"https:\/\/nordichouse.is\/da\/wp-json\/wp\/v2\/event\/61213","targetHints":{"allow":["GET"]}}],"collection":[{"href":"https:\/\/nordichouse.is\/da\/wp-json\/wp\/v2\/event"}],"about":[{"href":"https:\/\/nordichouse.is\/da\/wp-json\/wp\/v2\/types\/event"}],"wp:featuredmedia":[{"embeddable":true,"href":"https:\/\/nordichouse.is\/da\/wp-json\/wp\/v2\/media\/61425"}],"wp:attachment":[{"href":"https:\/\/nordichouse.is\/da\/wp-json\/wp\/v2\/media?parent=61213"}],"wp:term":[{"taxonomy":"event-categories","embeddable":true,"href":"https:\/\/nordichouse.is\/da\/wp-json\/wp\/v2\/event-categories?post=61213"}],"curies":[{"name":"wp","href":"https:\/\/api.w.org\/{rel}","templated":true}]}}