{"id":60348,"date":"2025-03-05T14:13:45","date_gmt":"2025-03-05T14:13:45","guid":{"rendered":"https:\/\/nordichouse.is\/?post_type=event&#038;p=60348"},"modified":"2025-03-06T09:11:47","modified_gmt":"2025-03-06T09:11:47","slug":"billedkunstens-dag","status":"publish","type":"event","link":"https:\/\/nordichouse.is\/da\/begivenhed\/billedkunstens-dag\/","title":{"rendered":"Billedkunstens dag"},"content":{"rendered":"<p><a href=\"https:\/\/www.kbub.dk\/billedkunstens-dag\/\">Billedekunstens dag<\/a> vil igen blive fejret den 12. marts. Dagen er til for at s\u00e6tte fokus p\u00e5 forskelle kunstformer og skabe opm\u00e6rksomhed p\u00e5 b\u00f8rn og unges kunstv\u00e6rker, samt have ambitious kunstundervisning p\u00e5 forskellige skoler og institutioner i norden. For at fejre denne dag vil Nordens Hus udstille kunstinstallationer, lavet af seks- og syv\u00e5rige elever fra Vesturb\u00e6jarsk\u00f3li. Eleverne har l\u00e6rt om havet og livet i havet og gennem kreative workshops efter skole i Sk\u00fdjaborgir, har de arbejdet videre med dette tema under vejledning af kunster og billedkunstl\u00e6rer, S\u00f3lveig P\u00e1lsd\u00f3ttir. Alle materialer brugt i kunstudstillingen er genbrugsmaterialer, og vil derfor v\u00e6re med til at s\u00e6tte fokus p\u00e5 b\u00e6redygtige l\u00f8sninger og det faktum at h\u00e5ndv\u00e6rksmaterialer ofte ender med at blive til skrald i havet.<span class=\"Apple-converted-space\">\u00a0<\/span><\/p>\n<p>I Nordens Hus er der god mulighed for adgang i det meste af bygningen. Der er en k\u00f8restolerampe der leder op til huset og der findes en elevator der f\u00f8re ned til udstillingsrummet, Hvelfing. Der er desv\u00e6rre kun trapper ned til b\u00f8rnebiblioteket fra selve biblioteket, men der er adgang for k\u00f8restolebrugere gennem Hvelfing &#8211; en medarbejdere vil hj\u00e6lpe dig. Det er vores hensigt at forbedre tilg\u00e6ngeligheden for alle og tager derfor varmt imod alle kommetarer og forslag vedr\u00f8rende tilg\u00e6ngelighed i huset.<span class=\"Apple-converted-space\">\u00a0<\/span><\/p>\n","protected":false},"excerpt":{"rendered":"<p>Billedekunstens dag vil igen blive fejret den 12. marts. Dagen er til for at s\u00e6tte fokus p\u00e5 forskelle kunstformer og skabe opm\u00e6rksomhed p\u00e5 b\u00f8rn og unges kunstv\u00e6rker, samt have ambitious kunstundervisning p\u00e5 forskellige skoler og institutioner i norden. For at fejre denne dag vil Nordens Hus udstille kunstinstallationer, lavet af seks- og syv\u00e5rige elever fra [&hellip;]<\/p>\n","protected":false},"featured_media":60349,"template":"","event-categories":[66],"class_list":["post-60348","event","type-event","status-publish","has-post-thumbnail","hentry","event-categories-alle-begivenheder","no-banner-image"],"acf":[],"_links":{"self":[{"href":"https:\/\/nordichouse.is\/da\/wp-json\/wp\/v2\/event\/60348","targetHints":{"allow":["GET"]}}],"collection":[{"href":"https:\/\/nordichouse.is\/da\/wp-json\/wp\/v2\/event"}],"about":[{"href":"https:\/\/nordichouse.is\/da\/wp-json\/wp\/v2\/types\/event"}],"wp:featuredmedia":[{"embeddable":true,"href":"https:\/\/nordichouse.is\/da\/wp-json\/wp\/v2\/media\/60349"}],"wp:attachment":[{"href":"https:\/\/nordichouse.is\/da\/wp-json\/wp\/v2\/media?parent=60348"}],"wp:term":[{"taxonomy":"event-categories","embeddable":true,"href":"https:\/\/nordichouse.is\/da\/wp-json\/wp\/v2\/event-categories?post=60348"}],"curies":[{"name":"wp","href":"https:\/\/api.w.org\/{rel}","templated":true}]}}