{"id":58839,"date":"2024-08-07T14:47:40","date_gmt":"2024-08-07T14:47:40","guid":{"rendered":"https:\/\/nordichouse.is\/event\/opinn-leshopur\/"},"modified":"2024-08-07T14:54:57","modified_gmt":"2024-08-07T14:54:57","slug":"opinn-leshopur","status":"publish","type":"event","link":"https:\/\/nordichouse.is\/da\/begivenhed\/opinn-leshopur\/","title":{"rendered":"\u00c5ben l\u00e6segruppe"},"content":{"rendered":"<div>\n<p>Kom og v\u00e6r med til litter\u00e6r f\u00e6llesl\u00e6sning i Nordens Hus. Vi m\u00f8des p\u00e5 biblioteket torsdag d. 22. klokken 16.30 og l\u00e6ser og taler om litteratur. Vi l\u00e6ser en kort islandsk prosatekst og slutter af med et islandsk digt, begge i engelske overs\u00e6ttelser. Der vil v\u00e6re kaffe og lidt s\u00f8dt.<\/p>\n<\/div>\n<div><img decoding=\"async\" class=\"alignnone wp-image-58836 lazyload\" data-src=\"https:\/\/nordichouse.is\/wp-content\/uploads\/2024\/08\/profilbillede-jan24.png\" alt=\"\" width=\"139\" height=\"127\" src=\"data:image\/svg+xml;base64,PHN2ZyB3aWR0aD0iMSIgaGVpZ2h0PSIxIiB4bWxucz0iaHR0cDovL3d3dy53My5vcmcvMjAwMC9zdmciPjwvc3ZnPg==\" style=\"--smush-placeholder-width: 139px; --smush-placeholder-aspect-ratio: 139\/127;\" \/><\/div>\n<div>\n<p>L\u00e6segruppen ledes af Charlotte Christiansen, tr\u00e6net \u2018l\u00e6snings leder\u2019, samt postdoc ved \u00c1rni Magn\u00fasson Institutet for islandske studier. <strong>Sproget som bruges ved dette arrangement er prim\u00e6rt engelsk og &#8220;blandinavisk&#8221;.<\/strong><\/p>\n<\/div>\n<div class=\"x_elementToProof\">\n<p>L\u00e6segruppen er en del af forskningsprojektet: \u2019A literary anthropology of Iceland\u2019. Det kr\u00e6ver ingen s\u00e6rlig viden eller forberedelse, men skriv gerne til charlotte[at]arnastofnun.is hvis du vil v\u00e6re med.<\/p>\n<\/div>\n<p>&nbsp;<\/p>\n<p>&nbsp;<\/p>\n","protected":false},"excerpt":{"rendered":"<p>Kom og v\u00e6r med til litter\u00e6r f\u00e6llesl\u00e6sning i Nordens Hus. Vi m\u00f8des p\u00e5 biblioteket torsdag d. 22. klokken 16.30 og l\u00e6ser og taler om litteratur. Vi l\u00e6ser en kort islandsk prosatekst og slutter af med et islandsk digt, begge i engelske overs\u00e6ttelser. Der vil v\u00e6re kaffe og lidt s\u00f8dt. L\u00e6segruppen ledes af Charlotte Christiansen, tr\u00e6net [&hellip;]<\/p>\n","protected":false},"featured_media":23292,"template":"","event-categories":[70],"class_list":["post-58839","event","type-event","status-publish","has-post-thumbnail","hentry","event-categories-litteraturbegivenheder","no-banner-image"],"acf":[],"_links":{"self":[{"href":"https:\/\/nordichouse.is\/da\/wp-json\/wp\/v2\/event\/58839","targetHints":{"allow":["GET"]}}],"collection":[{"href":"https:\/\/nordichouse.is\/da\/wp-json\/wp\/v2\/event"}],"about":[{"href":"https:\/\/nordichouse.is\/da\/wp-json\/wp\/v2\/types\/event"}],"wp:featuredmedia":[{"embeddable":true,"href":"https:\/\/nordichouse.is\/da\/wp-json\/wp\/v2\/media\/23292"}],"wp:attachment":[{"href":"https:\/\/nordichouse.is\/da\/wp-json\/wp\/v2\/media?parent=58839"}],"wp:term":[{"taxonomy":"event-categories","embeddable":true,"href":"https:\/\/nordichouse.is\/da\/wp-json\/wp\/v2\/event-categories?post=58839"}],"curies":[{"name":"wp","href":"https:\/\/api.w.org\/{rel}","templated":true}]}}