{"id":57760,"date":"2024-02-01T14:52:10","date_gmt":"2024-02-01T14:52:10","guid":{"rendered":"https:\/\/nordichouse.is\/?post_type=event&#038;p=57760"},"modified":"2024-03-13T14:08:43","modified_gmt":"2024-03-13T14:08:43","slug":"forfatteraften-peter-adolphsen","status":"publish","type":"event","link":"https:\/\/nordichouse.is\/da\/begivenhed\/forfatteraften-peter-adolphsen\/","title":{"rendered":"Forfatteraften: Peter Adolphsen"},"content":{"rendered":"<h3><span lang=\"DA\">Vi er stolte af at kunne pr\u00e6sentere en dansk litteraturaften i Nordens Hus auditorium den 20. marts kl. 19:00 i samarbejde med H\u00e1sk\u00f3la \u00cdslands. M\u00f8d <strong>Peter Adolphsen<\/strong> i samtale med <strong>Jacob \u00d8lgaard Nyboe,<\/strong> n\u00e5r de udfolder Adolphsens mangefacetterede forfatterskab og ogs\u00e5 l\u00f8fter sl\u00f8ret for den kommende roman \u2019Ellepigen Pif og 42, den tavse guru\u2019, der blander karnevalistisk fantasy og selvbiografisk realisme. <strong>Denne samtale vil foreg\u00e5 p\u00e5 dansk.<\/strong><\/span><\/h3>\n<p><span style=\"font-size: 1rem;\">Peter Adolphsen (f. 1972) debuterede i 1996 med &#8216;Sm\u00e5 historier&#8217;, som fire \u00e5r senere blev fulgt op af &#8216;Sm\u00e5 historier 2&#8217; (2000). I 2020 udkom endnu en efterf\u00f8lger: Sm\u00e5 historier 3, der ligesom de to f\u00f8rste er skrevet i kortprosa. Peter Adolphsen blev i 1995 uddannet fra Forfatterskolen, hvor han i \u00e5rene 2008-2010 var ansat som l\u00e6rer. I 2019 blev han tildelt Kunstfondens livsvarige h\u00e6dersydelse for sine eksperimenterende fiktionsprosa samt sine billedb\u00f8ger til b\u00f8rn.<\/span><\/p>\n<figure id=\"attachment_57761\" aria-describedby=\"caption-attachment-57761\" style=\"width: 249px\" class=\"wp-caption alignnone\"><a href=\"https:\/\/nordichouse.is\/wp-content\/uploads\/2024\/02\/jacob-scaled.jpg\"><img decoding=\"async\" class=\"wp-image-57761 lazyload\" data-src=\"https:\/\/nordichouse.is\/wp-content\/uploads\/2024\/02\/jacob-427x640.jpg\" alt=\"\" width=\"249\" height=\"373\" data-srcset=\"https:\/\/nordichouse.is\/wp-content\/uploads\/2024\/02\/jacob-427x640.jpg 427w, https:\/\/nordichouse.is\/wp-content\/uploads\/2024\/02\/jacob-813x1220.jpg 813w, https:\/\/nordichouse.is\/wp-content\/uploads\/2024\/02\/jacob-768x1152.jpg 768w, https:\/\/nordichouse.is\/wp-content\/uploads\/2024\/02\/jacob-1024x1536.jpg 1024w, https:\/\/nordichouse.is\/wp-content\/uploads\/2024\/02\/jacob-1365x2048.jpg 1365w, https:\/\/nordichouse.is\/wp-content\/uploads\/2024\/02\/jacob-scaled.jpg 1707w\" data-sizes=\"(max-width: 249px) 100vw, 249px\" src=\"data:image\/svg+xml;base64,PHN2ZyB3aWR0aD0iMSIgaGVpZ2h0PSIxIiB4bWxucz0iaHR0cDovL3d3dy53My5vcmcvMjAwMC9zdmciPjwvc3ZnPg==\" style=\"--smush-placeholder-width: 249px; --smush-placeholder-aspect-ratio: 249\/373;\" \/><\/a><figcaption id=\"caption-attachment-57761\" class=\"wp-caption-text\">Jacob \u00d8lgaard Nyboe<\/figcaption><\/figure>\n<p><span lang=\"DA\">Samtalen ledes af Jacob \u00d8lgaard Nyboe, ph.d. i dansk litteratur. Jacob arbejder som lektor ved Islands Universitets fakultet for sprog og kulturer.<\/span><\/p>\n<p>I samarbejde med:<\/p>\n<p><img decoding=\"async\" class=\"alignnone  wp-image-58082 lazyload\" data-src=\"https:\/\/nordichouse.is\/wp-content\/uploads\/2024\/02\/Logo_HI-640x640.png\" alt=\"\" width=\"222\" height=\"222\" data-srcset=\"https:\/\/nordichouse.is\/wp-content\/uploads\/2024\/02\/Logo_HI-640x640.png 640w, https:\/\/nordichouse.is\/wp-content\/uploads\/2024\/02\/Logo_HI-400x400.png 400w, https:\/\/nordichouse.is\/wp-content\/uploads\/2024\/02\/Logo_HI-768x768.png 768w, https:\/\/nordichouse.is\/wp-content\/uploads\/2024\/02\/Logo_HI-800x800.png 800w, https:\/\/nordichouse.is\/wp-content\/uploads\/2024\/02\/Logo_HI.png 1000w\" data-sizes=\"(max-width: 222px) 100vw, 222px\" src=\"data:image\/svg+xml;base64,PHN2ZyB3aWR0aD0iMSIgaGVpZ2h0PSIxIiB4bWxucz0iaHR0cDovL3d3dy53My5vcmcvMjAwMC9zdmciPjwvc3ZnPg==\" style=\"--smush-placeholder-width: 222px; --smush-placeholder-aspect-ratio: 222\/222;\" \/><\/p>\n<p><span lang=\"DA\"><em>Forfatteraften er en tilbagevendende litteraturserie i Nordens Hus, hvor en eller flere forfattere i samtale med en litter\u00e6r ekspert i et skandinavisk sprog udfolder deres forfatterskab og litter\u00e6re virke. Publikum er velkomne til at stille sp\u00f8rgsm\u00e5l ved afslutningen af \u200b\u200bsamtalerne.<\/em><\/span><\/p>\n<p><em>Tillg\u00e5ngen till Elissa auditorium \u00e4r bra. Tillg\u00e4nglig och k\u00f6nsneutrala toaletter finns p\u00e5 samma v\u00e5ning.<\/em><\/p>\n","protected":false},"excerpt":{"rendered":"<p>Vi er stolte af at kunne pr\u00e6sentere en dansk litteraturaften i Nordens Hus auditorium den 20. marts kl. 19:00 i samarbejde med H\u00e1sk\u00f3la \u00cdslands. M\u00f8d Peter Adolphsen i samtale med Jacob \u00d8lgaard Nyboe, n\u00e5r de udfolder Adolphsens mangefacetterede forfatterskab og ogs\u00e5 l\u00f8fter sl\u00f8ret for den kommende roman \u2019Ellepigen Pif og 42, den tavse guru\u2019, der [&hellip;]<\/p>\n","protected":false},"featured_media":57766,"template":"","event-categories":[70],"class_list":["post-57760","event","type-event","status-publish","has-post-thumbnail","hentry","event-categories-litteraturbegivenheder","no-banner-image"],"acf":[],"_links":{"self":[{"href":"https:\/\/nordichouse.is\/da\/wp-json\/wp\/v2\/event\/57760","targetHints":{"allow":["GET"]}}],"collection":[{"href":"https:\/\/nordichouse.is\/da\/wp-json\/wp\/v2\/event"}],"about":[{"href":"https:\/\/nordichouse.is\/da\/wp-json\/wp\/v2\/types\/event"}],"wp:featuredmedia":[{"embeddable":true,"href":"https:\/\/nordichouse.is\/da\/wp-json\/wp\/v2\/media\/57766"}],"wp:attachment":[{"href":"https:\/\/nordichouse.is\/da\/wp-json\/wp\/v2\/media?parent=57760"}],"wp:term":[{"taxonomy":"event-categories","embeddable":true,"href":"https:\/\/nordichouse.is\/da\/wp-json\/wp\/v2\/event-categories?post=57760"}],"curies":[{"name":"wp","href":"https:\/\/api.w.org\/{rel}","templated":true}]}}