{"id":56798,"date":"2023-09-21T11:22:04","date_gmt":"2023-09-21T11:22:04","guid":{"rendered":"https:\/\/nordichouse.is\/?post_type=event&#038;p=56798"},"modified":"2023-10-05T13:19:44","modified_gmt":"2023-10-05T13:19:44","slug":"myrin-12-oktober-seminar","status":"publish","type":"event","link":"https:\/\/nordichouse.is\/da\/begivenhed\/myrin-12-oktober-seminar\/","title":{"rendered":"M\u00ddRIN 12.oktober &#8211; Seminar"},"content":{"rendered":"<h3><strong>Nedsenkt i myren:\u00a0<\/strong><strong>M\u00ddRIN<\/strong> <strong>2023. Internasjonal barne- og ungdoms litteraturfestival i Nordens Hus.<\/strong><\/h3>\n<p><em><strong>Inngang til alle arrangementer er gratis, registrer deg p\u00e5 epost til myrinfestival@gmail.com<\/strong><\/em><\/p>\n<p>Fullt program er tilgjengelig p\u00e5 <a href=\"https:\/\/www.myrin.is\/myrin-festival-2020\/program-2020\/\">Myrin.is<\/a><\/p>\n<p><strong>Torsdag 12. oktober: Seminar<br \/>\n<\/strong><em style=\"font-size: 1rem;\">Auditorium | Seminarene holdes p\u00e5 engelsk med mindre noe annet er oppgitt<\/em><strong><br \/>\n<\/strong><\/p>\n<p>9:00 &#8211; 9:10 &#8211; \u00c5PNING AV M\u00ddRIN 2023<br \/>\nSvand\u00eds Svavarsd\u00f3ttir, minister for mat, jordbruk og fiskeri \u00e5pner konferansen.<\/p>\n<p>9:15 &#8211; 9:45 &#8211; H\u00d8YTLESNING OG INTERVJU MED JESSICA LOVE (US)<br \/>\nForfatter av boken\u00a0<em>Julian<\/em> <em>i<\/em><em>s<\/em> <em>a<\/em> <em>m<\/em><em>e<\/em><em>r<\/em><em>m<\/em><em>aid<\/em><em>.<\/em> S\u00f3lveig \u00c1sta Sigur\u00f0ard\u00f3ttir, litteraturkritiker, er i samtale me forfatteren.<\/p>\n<p>9:45 &#8211; 10:00 &#8211; KAFFEPAUSE<\/p>\n<p>10:00 &#8211; 11:00 &#8211;\u00a0PANEL: SJ\u00d8EN OG FANTASIEN I BILDER<br \/>\nIllustrat\u00f8rer Anna Fiske (NO), Jenni Desmond (UK), Anais Brunet (FR) og Linda \u00d3lafsd\u00f3ttir (IS) snakker om sj\u00f8en og fantasi i b\u00f8kene deres. Forfatter Margr\u00e9t Tryggvad\u00f3ttir (IS) modererer panelet.<\/p>\n<p style=\"font-weight: 400;\">11:15 &#8211; 11:45 &#8211; H\u00d8YTLESNING OG INTERVJU MED KENT KIELSEN (GL)<br \/>\nForfatter av boken <em>The<\/em> <em>P<\/em><em>a<\/em><em>r<\/em><em>l<\/em><em>ia<\/em><em>m<\/em><em>e<\/em><em>n<\/em><em>t<\/em> <em>o<\/em><em>f<\/em> <em>t<\/em><em>h<\/em><em>e<\/em> <em>A<\/em><em>n<\/em><em>i<\/em><em>m<\/em><em>a<\/em><em>l<\/em><em>s. <\/em>H\u00f8ytlesningen holdes p\u00e5 gr\u00f8nlandsk og samtalen skjer p\u00e5 dansk.<\/p>\n<p style=\"font-weight: 400;\">12:00 &#8211; 12:30 &#8211; LUNSJPAUSE<\/p>\n<p>12:30 &#8211; 12:50 &#8211; DEN NORDISKE BOKSLUKEREN<br \/>\nEt prosjekt med m\u00e5l om \u00e5 promotere nordisk barnelitteratur. Mikaela Wickstr\u00f6m fra Nordisk kulturkontakt i Finnland presenterer prosjektet.<\/p>\n<p>13:00 &#8211; 14:00 &#8211;\u00a0PANEL: SJ\u00d8EN OG FANTASIEN I HISTORIER<br \/>\nDe islandske forfatterene Krist\u00edn Bj\u00f6rg Sigurvinsd\u00f3ttir, Gunnar Theod\u00f3r Eggertsson, \u00c6var \u00de\u00f3r Benediktsson og Eva R\u00fan \u00deorgeirsd\u00f3ttir diskuterer sine historier om sj\u00f8en. Illustrat\u00f8r Nick White (UK) modererer panelet.<\/p>\n<p style=\"font-weight: 400;\">14:00 &#8211; 15:30 &#8211; PAUSE<br \/>\nDeltakere oppfordres til \u00e5 ta turen til bassenget\u00a0Vesturb\u00e6jarlaugin og stupe inn i sosial sammenkomst p\u00e5 den islandske m\u00e5ten.<\/p>\n<p style=\"font-weight: 400;\">15:30 &#8211; 17:00 &#8211; MASTERKLASSE MED ILLUSTRAT\u00d8RER<br \/>\nIllustrat\u00f8rer tilbyr innsikt i deres kreative prosesser og gir deltakerne korte oppgaver. Hvordan lages historie? Hvordan kan fantasien stimuleres? Deltakere kan velge mellom to verksteder: Nick White (m\u00f8terommet Alvar) og Lena Fr\u00f6lander-Ulf (m\u00f8terommet Aino).<br \/>\nRegistrering for workshops: <a href=\"mailto:myrinfestival@gmail.com\">myrinfestival@gmail.com<\/a><\/p>\n<p style=\"font-weight: 400;\">17:00 &#8211; HAPPY HOUR<br \/>\nDrinker tilbys av den franske ambassaden.<\/p>\n<p>&nbsp;<\/p>\n<p><i><strong>Tilgjengelighet:<\/strong>\u00a0<\/i><i>Auditoriet og toalettene er tilgjengelig med rullestol.\u00a0<\/i><i>Barnebiblioteket er tilgjengelig med rullestol gjennom utstillingslokalet Hvelfing og bibliotekspersonalet er tilgjengelige for assistanse.<span class=\"Apple-converted-space\"> Alle toaletter i bygget er kj\u00f8nnsn\u00f8ytrale. <\/span><\/i><\/p>\n","protected":false},"excerpt":{"rendered":"<p>Nedsenkt i myren:\u00a0M\u00ddRIN 2023. Internasjonal barne- og ungdoms litteraturfestival i Nordens Hus. Inngang til alle arrangementer er gratis, registrer deg p\u00e5 epost til myrinfestival@gmail.com Fullt program er tilgjengelig p\u00e5 Myrin.is Torsdag 12. oktober: Seminar Auditorium | Seminarene holdes p\u00e5 engelsk med mindre noe annet er oppgitt 9:00 &#8211; 9:10 &#8211; \u00c5PNING AV M\u00ddRIN 2023 Svand\u00eds [&hellip;]<\/p>\n","protected":false},"featured_media":56796,"template":"","event-categories":[66,461,67,70],"class_list":["post-56798","event","type-event","status-publish","has-post-thumbnail","hentry","event-categories-alle-begivenheder","event-categories-festivaler","event-categories-for-born","event-categories-litteraturbegivenheder","no-banner-image"],"acf":[],"_links":{"self":[{"href":"https:\/\/nordichouse.is\/da\/wp-json\/wp\/v2\/event\/56798","targetHints":{"allow":["GET"]}}],"collection":[{"href":"https:\/\/nordichouse.is\/da\/wp-json\/wp\/v2\/event"}],"about":[{"href":"https:\/\/nordichouse.is\/da\/wp-json\/wp\/v2\/types\/event"}],"wp:featuredmedia":[{"embeddable":true,"href":"https:\/\/nordichouse.is\/da\/wp-json\/wp\/v2\/media\/56796"}],"wp:attachment":[{"href":"https:\/\/nordichouse.is\/da\/wp-json\/wp\/v2\/media?parent=56798"}],"wp:term":[{"taxonomy":"event-categories","embeddable":true,"href":"https:\/\/nordichouse.is\/da\/wp-json\/wp\/v2\/event-categories?post=56798"}],"curies":[{"name":"wp","href":"https:\/\/api.w.org\/{rel}","templated":true}]}}