{"id":52946,"date":"2022-08-14T14:11:45","date_gmt":"2022-08-14T14:11:45","guid":{"rendered":"https:\/\/nordichouse.is\/?post_type=event&#038;p=52946"},"modified":"2022-09-03T09:32:13","modified_gmt":"2022-09-03T09:32:13","slug":"vilken-nationalitet-har-faaglar-2","status":"publish","type":"event","link":"https:\/\/nordichouse.is\/da\/begivenhed\/vilken-nationalitet-har-faaglar-2\/","title":{"rendered":"Vilken nationalitet har f\u00e5glar? Verkstad f\u00f6r barn"},"content":{"rendered":"<p>Gratis tv\u00e5 dagars verkstad f\u00f6r barn.<br \/>\nPavilion, v\u00e4xthuset och utomhus<\/p>\n<p><strong>OBS FULL BOKAD!<\/strong><\/p>\n<p>Den smaln\u00e4bbade simsn\u00e4ppan, eller \u201dodinshanen\u201d som den kallas p\u00e5 isl\u00e4ndska och danska, bor p\u00e5 Island i n\u00e5gra m\u00e5nader under h\u00e4ckningstiden. Andra m\u00e5nader i \u00e5ret h\u00e5ller den till vid kusten p\u00e5 den Arabiska halv\u00f6n eller vid V\u00e4stafrikas kust. Den smaln\u00e4bbade simsn\u00e4ppan beter sig p\u00e5 ett ovanligt s\u00e4tt om man j\u00e4mf\u00f6r med andra f\u00e5glar: det \u00e4r f\u00e5gelhonan som v\u00e4ljer ut en make och h\u00e4ckningsplats och \u00a0hanen ruvar och v\u00e4gleder ungarna n\u00e4r de kl\u00e4ckts ut. Men \u00e4r den smaln\u00e4bbade simsn\u00e4ppan isl\u00e4ndsk, europeisk, arabisk eller v\u00e4stafrikansk? G\u00e5r det ens att best\u00e4mma varifr\u00e5n den \u00e4r?<\/p>\n<p>P\u00e5 denna tv\u00e5 dagars verkstad kommer barnen att bekanta sig de f\u00e5glar som lever i f\u00e5gelreservatet utanf\u00f6r Nordens hus och l\u00e4ra sig om deras resa \u00f6ver jordklotet. Deltagarna studerar f\u00e5glarna genom samtal, utflykter, teckningar och collage och behandlar fr\u00e5gor som ber\u00f6r gr\u00e4nser och \u00e4gander\u00e4tt.<\/p>\n<p>Verkstaden \u00e4ger rum p\u00e5 engelska, isl\u00e4ndska och tyska. Registrera genom att skicka mejl till hrafnhildur@nordichouse.is.<\/p>\n","protected":false},"excerpt":{"rendered":"<p>Gratis tv\u00e5 dagars verkstad f\u00f6r barn. Pavilion, v\u00e4xthuset och utomhus OBS FULL BOKAD! Den smaln\u00e4bbade simsn\u00e4ppan, eller \u201dodinshanen\u201d som den kallas p\u00e5 isl\u00e4ndska och danska, bor p\u00e5 Island i n\u00e5gra m\u00e5nader under h\u00e4ckningstiden. Andra m\u00e5nader i \u00e5ret h\u00e5ller den till vid kusten p\u00e5 den Arabiska halv\u00f6n eller vid V\u00e4stafrikas kust. Den smaln\u00e4bbade simsn\u00e4ppan beter sig [&hellip;]<\/p>\n","protected":false},"featured_media":52942,"template":"","event-categories":[66,67],"class_list":["post-52946","event","type-event","status-publish","has-post-thumbnail","hentry","event-categories-alle-begivenheder","event-categories-for-born","no-banner-image"],"acf":[],"_links":{"self":[{"href":"https:\/\/nordichouse.is\/da\/wp-json\/wp\/v2\/event\/52946","targetHints":{"allow":["GET"]}}],"collection":[{"href":"https:\/\/nordichouse.is\/da\/wp-json\/wp\/v2\/event"}],"about":[{"href":"https:\/\/nordichouse.is\/da\/wp-json\/wp\/v2\/types\/event"}],"wp:featuredmedia":[{"embeddable":true,"href":"https:\/\/nordichouse.is\/da\/wp-json\/wp\/v2\/media\/52942"}],"wp:attachment":[{"href":"https:\/\/nordichouse.is\/da\/wp-json\/wp\/v2\/media?parent=52946"}],"wp:term":[{"taxonomy":"event-categories","embeddable":true,"href":"https:\/\/nordichouse.is\/da\/wp-json\/wp\/v2\/event-categories?post=52946"}],"curies":[{"name":"wp","href":"https:\/\/api.w.org\/{rel}","templated":true}]}}