{"id":50492,"date":"2022-03-29T10:03:17","date_gmt":"2022-03-29T10:03:17","guid":{"rendered":"https:\/\/nordichouse.is\/?post_type=event&#038;p=50492"},"modified":"2022-03-30T10:10:45","modified_gmt":"2022-03-30T10:10:45","slug":"nordiska-raadets-barn-och-ungdomslitteraturpris-2022","status":"publish","type":"event","link":"https:\/\/nordichouse.is\/da\/begivenhed\/nordiska-raadets-barn-och-ungdomslitteraturpris-2022\/","title":{"rendered":"Nordiska r\u00e5dets barn- och ungdomslitteraturpris 2022"},"content":{"rendered":"<p>13 nordiska bilderb\u00f6cker, ungdomsromaner och diktsamlingar \u00e4r nominerade till Nordiska r\u00e5dets barn- och ungdomslitteraturpris 2022. En lekfull ber\u00e4ttargl\u00e4dje, s\u00e4rpr\u00e4glad humor och melankoli lyser igenom bland de nominerade b\u00f6ckerna d\u00e4r bilderbokens m\u00e5nga m\u00f6jligheter ocks\u00e5 \u00e4r brett representerad. Vinnaren offentligg\u00f6rs i Helsingfors den 1 november.<\/p>\n<p>\u00c5rets nominerade behandlar ocks\u00e5 sv\u00e5rare \u00e4mnen om f\u00f6rdomar och uppr\u00e4ttelse samt leder oss genom krigets fasor, terrorattacker och vidare mot hopp och en gemensam f\u00f6rst\u00e5else. \u00c4ven k\u00f6nsroller, identitet och etnicitet lyfts fram i en barnlogik \u2013 och ur\u00e5ldriga kalvskinnsmanuskript f\u00e5r nytt liv. Dessutom skildras naturen, ekokritiken, k\u00e4rlekens f\u00f6rvirring och kaos i en rasande takt.<\/p>\n<p>L\u00e4s om nominerade <a href=\"https:\/\/www.norden.org\/sv\/news\/dessa-kan-vinna-nordiska-radets-barn-och-ungdomslitteraturpris-2022\">h\u00e4r<\/a><\/p>\n<p>Alla de nominerede boger kan l\u00e5nes i Nordens Hus bibliotek.<\/p>\n","protected":false},"excerpt":{"rendered":"<p>13 nordiska bilderb\u00f6cker, ungdomsromaner och diktsamlingar \u00e4r nominerade till Nordiska r\u00e5dets barn- och ungdomslitteraturpris 2022. En lekfull ber\u00e4ttargl\u00e4dje, s\u00e4rpr\u00e4glad humor och melankoli lyser igenom bland de nominerade b\u00f6ckerna d\u00e4r bilderbokens m\u00e5nga m\u00f6jligheter ocks\u00e5 \u00e4r brett representerad. Vinnaren offentligg\u00f6rs i Helsingfors den 1 november. \u00c5rets nominerade behandlar ocks\u00e5 sv\u00e5rare \u00e4mnen om f\u00f6rdomar och uppr\u00e4ttelse samt leder [&hellip;]<\/p>\n","protected":false},"featured_media":50490,"template":"","event-categories":[67,70],"class_list":["post-50492","event","type-event","status-publish","has-post-thumbnail","hentry","event-categories-for-born","event-categories-litteraturbegivenheder","event_tags-ungdomslitteraturpris","no-banner-image"],"acf":[],"_links":{"self":[{"href":"https:\/\/nordichouse.is\/da\/wp-json\/wp\/v2\/event\/50492","targetHints":{"allow":["GET"]}}],"collection":[{"href":"https:\/\/nordichouse.is\/da\/wp-json\/wp\/v2\/event"}],"about":[{"href":"https:\/\/nordichouse.is\/da\/wp-json\/wp\/v2\/types\/event"}],"wp:featuredmedia":[{"embeddable":true,"href":"https:\/\/nordichouse.is\/da\/wp-json\/wp\/v2\/media\/50490"}],"wp:attachment":[{"href":"https:\/\/nordichouse.is\/da\/wp-json\/wp\/v2\/media?parent=50492"}],"wp:term":[{"taxonomy":"event-categories","embeddable":true,"href":"https:\/\/nordichouse.is\/da\/wp-json\/wp\/v2\/event-categories?post=50492"}],"curies":[{"name":"wp","href":"https:\/\/api.w.org\/{rel}","templated":true}]}}