{"id":4037,"date":"2016-05-10T11:42:50","date_gmt":"2016-05-10T11:42:50","guid":{"rendered":"https:\/\/nordichouse.is\/?post_type=event&#038;p=4037"},"modified":"2016-05-10T11:56:24","modified_gmt":"2016-05-10T11:56:24","slug":"seminarum-den-stora-upplasningskonkurrensens-20-ars-jubeleum","status":"publish","type":"event","link":"https:\/\/nordichouse.is\/da\/begivenhed\/seminarum-den-stora-upplasningskonkurrensens-20-ars-jubeleum\/","title":{"rendered":"Ladda ner n\u00e5got att l\u00e4sa en ber\u00e4ttelse eller en dikt"},"content":{"rendered":"<h3>Seminarium med anledning av Den stora uppl\u00e4sningskonkurrensens 20 \u00e5rs jubeleum.<\/h3>\n<p>Seminariet anordnas av den isl\u00e4ndska spr\u00e5kn\u00e4mnden tillsammans med R\u00f6ster, f\u00f6rening om god uppl\u00e4sning.<\/p>\n<p>P\u00e5 seminariet h\u00e5lls f\u00f6redrag om uppl\u00e4sningskonkurrensens v\u00e4rde och influens genom \u00e5ren, de m\u00f6jligheter den kan skapa och\u00a0 sambandet mellan uppl\u00e4sning och l\u00e4sf\u00f6rst\u00e5else.<\/p>\n<p>F\u00f6rel\u00e4sare kommer fr\u00e5n olika h\u00e5ll, forskare, l\u00e4rare, f\u00f6rfattare och elever samt Islands utbildnings- och kulturminister.<\/p>\n<p>Seminariet \u00e4r t\u00e4nkt f\u00f6r l\u00e4rare, f\u00f6r\u00e4ldrar och alla som intresserar sig f\u00f6r l\u00e4skunnighet, l\u00e4slust och god uppl\u00e4sning.<\/p>\n<p><strong>Seminariet h\u00e5lls p\u00e5 isl\u00e4ndska.<\/strong><\/p>\n","protected":false},"excerpt":{"rendered":"<p>Seminarium med anledning av Den stora uppl\u00e4sningskonkurrensens 20 \u00e5rs jubeleum. Seminariet anordnas av den isl\u00e4ndska spr\u00e5kn\u00e4mnden tillsammans med R\u00f6ster, f\u00f6rening om god uppl\u00e4sning. P\u00e5 seminariet h\u00e5lls f\u00f6redrag om uppl\u00e4sningskonkurrensens v\u00e4rde och influens genom \u00e5ren, de m\u00f6jligheter den kan skapa och\u00a0 sambandet mellan uppl\u00e4sning och l\u00e4sf\u00f6rst\u00e5else. F\u00f6rel\u00e4sare kommer fr\u00e5n olika h\u00e5ll, forskare, l\u00e4rare, f\u00f6rfattare och elever [&hellip;]<\/p>\n","protected":false},"featured_media":4034,"template":"","event-categories":[69],"class_list":["post-4037","event","type-event","status-publish","has-post-thumbnail","hentry","event-categories-konferencer","no-banner-image"],"acf":[],"_links":{"self":[{"href":"https:\/\/nordichouse.is\/da\/wp-json\/wp\/v2\/event\/4037","targetHints":{"allow":["GET"]}}],"collection":[{"href":"https:\/\/nordichouse.is\/da\/wp-json\/wp\/v2\/event"}],"about":[{"href":"https:\/\/nordichouse.is\/da\/wp-json\/wp\/v2\/types\/event"}],"wp:featuredmedia":[{"embeddable":true,"href":"https:\/\/nordichouse.is\/da\/wp-json\/wp\/v2\/media\/4034"}],"wp:attachment":[{"href":"https:\/\/nordichouse.is\/da\/wp-json\/wp\/v2\/media?parent=4037"}],"wp:term":[{"taxonomy":"event-categories","embeddable":true,"href":"https:\/\/nordichouse.is\/da\/wp-json\/wp\/v2\/event-categories?post=4037"}],"curies":[{"name":"wp","href":"https:\/\/api.w.org\/{rel}","templated":true}]}}