{"id":39191,"date":"2021-09-30T13:45:23","date_gmt":"2021-09-30T13:45:23","guid":{"rendered":"https:\/\/nordichouse.is\/?post_type=event&#038;p=39191"},"modified":"2021-10-01T16:00:56","modified_gmt":"2021-10-01T16:00:56","slug":"riff-i-nordens-hus","status":"publish","type":"event","link":"https:\/\/nordichouse.is\/da\/begivenhed\/riff-i-nordens-hus\/","title":{"rendered":"RIFF i Nordens hus"},"content":{"rendered":"<p>Den 18:de upplagan av Reykjavik internationella filmfestival RIFF \u00e4ger rum under perioden 30.9-10.10.2021. Programmet inkluderar ett brett urval filmer, evenemang och aktiviteter. Detta \u00e5r har festivalen ett speciellt fokus p\u00e5 musik i film. Ett annat fokusomr\u00e5de \u00e4r Nederl\u00e4nderna, vilket betyder att ett urval nya nederl\u00e4ndska filmer och kortfilmer finns p\u00e5 programmet. Ut\u00f6ver dessa hittas ocks\u00e5 de fr\u00e5n tidigare festivaler bekanta RIFF kategorierna. Merparten av filmerna visas p\u00e5 Bio Paradis och i Nordens hus.<\/p>\n<p>RIFF industridagar \u00e4r en serie evenemang och f\u00f6rel\u00e4sningar under festivalen. M\u00e5ls\u00e4ttningen \u00e4r att skapa en plattform f\u00f6r cirkulering och utbyte av id\u00e9er mellan den isl\u00e4ndska och den internationella filmindustrin, med en tyngdpunkt p\u00e5 Norden. Huvudevenemangen, som ocks\u00e5 bandas in och str\u00f6mmas, h\u00e5lls i Nordens hus. Alla evenemang kr\u00e4ver f\u00f6rhandsregistrering.<\/p>\n<h2>RIFF i Nordens hus<\/h2>\n<h3><strong>Torsdag 30.10.21<\/strong><\/h3>\n<ul>\n<li>09:30 <a href=\"https:\/\/riff.is\/children-youth-program-2021\/\">Kortfilmer f\u00f6r barn och unga, 4+<\/a><\/li>\n<li>11:30\u00a0 <a href=\"https:\/\/riff.is\/children-youth-program-2021\/\">Kortfilmer f\u00f6r barn och unga, 6+<\/a><\/li>\n<\/ul>\n<h3><strong>Fr<\/strong><strong>edag<\/strong><strong> 01.10.21<\/strong><\/h3>\n<ul>\n<li>09:30 <a href=\"https:\/\/riff.is\/children-youth-program-2021\/\">Kortfilmer f\u00f6r barn och unga, 9+<\/a><\/li>\n<li>12:00 <a href=\"https:\/\/riff.is\/children-youth-program-2021\/\">Kortfilmer f\u00f6r barn och unga, 12+<\/a><\/li>\n<li>14:00 <a href=\"https:\/\/riff.is\/children-youth-program-2021\/\">Kortfilmer f\u00f6r barn och unga, 14+\u00a0<\/a><\/li>\n<\/ul>\n<h3><strong>L\u00f6rdag<\/strong><strong> 02.10.21<\/strong><\/h3>\n<ul>\n<li>13:30 <a href=\"https:\/\/riff.is\/section\/dutch-focus\/\">Nederl\u00e4ndska kortfilmer I<\/a><\/li>\n<li>16:00 <a href=\"https:\/\/riff.is\/section\/dutch-focus\/\">Nederl\u00e4ndska kortfilmer II\u00a0<\/a><\/li>\n<li>18:00 <a href=\"https:\/\/riff.is\/films\/blind-ambition\/\">Blind Ambition<\/a> +\u00a0<a href=\"https:\/\/riff.is\/event\/vinsmokkun-wine-tasting-blind-ambition\/\">vinprovning <\/a><\/li>\n<li>10:00 \u2013 18:00 \u00a0<a href=\"https:\/\/riff.is\/industry-days\/seminars\/\">Eric Reis \u2013 Coach for Actors Workshop<\/a><\/li>\n<\/ul>\n<h3><strong>S<\/strong><strong>\u00f6ndag<\/strong><strong> 03.10.21<\/strong><\/h3>\n<ul>\n<li>13:30\u00a0 \u00a0<a href=\"https:\/\/riff.is\/films\/interment\/\">Interment<\/a> + Q&amp;A<\/li>\n<li>16:00\u00a0 \u00a0<a href=\"https:\/\/riff.is\/section\/efa-shorts-i\/\">EFA shorts I<\/a><\/li>\n<li>18:00\u00a0 \u00a0<a href=\"https:\/\/riff.is\/section\/efa-shorts-ii\/\">EFA shorts II<\/a><\/li>\n<\/ul>\n<h3><strong>M<\/strong><strong>\u00e5ndag<\/strong><strong> 04.10.21<\/strong><\/h3>\n<ul>\n<li>14:30\u00a0 \u00a0<a href=\"https:\/\/riff.is\/section\/cinema-beats-shorts\/\">Cinema Beats Shorts<\/a><\/li>\n<li>17:00\u00a0 \u00a0<a href=\"https:\/\/riff.is\/films\/skal\/\">SK\u00c1L<\/a><\/li>\n<\/ul>\n<h3><strong>Onsdag<\/strong><strong> 06.10.21 Mus<\/strong><strong>ikdag<\/strong><\/h3>\n<ul>\n<li>14:00 \u2013 16:00 <a href=\"https:\/\/riff.is\/industry-days\/seminars\/\">Musikseminarium Andreu Jacob<\/a><\/li>\n<li>16:30 \u2013 18:30 <a href=\"https:\/\/riff.is\/industry-days\/industry-panels\/\">Industripaneldiskussion, Musik i fokus <\/a><\/li>\n<\/ul>\n<h3><strong>T<\/strong><strong>orsdag<\/strong><strong> 07.10.21 <\/strong><strong>Nederl\u00e4ndsk dag<\/strong><\/h3>\n<ul>\n<li>14:00 \u2013 17:00 <a href=\"https:\/\/riff.is\/industry-days\/market-forum\/\">Producenternas dag<\/a><\/li>\n<li>16:30\u00a0 \u00a0 \u00a0 \u00a0 \u00a0 \u00a0 \u00a0 \u00a0 Nederl\u00e4ndsk reception<\/li>\n<\/ul>\n<h3><strong>Fr<\/strong><strong>edag<\/strong><strong> 08.10.21<\/strong><\/h3>\n<ul>\n<li>16:00 \u2013 18:00\u00a0 \u00a0<a href=\"https:\/\/riff.is\/industry-days\/riff-talks\/\">RIFF Talks<\/a><\/li>\n<\/ul>\n<h3><strong>L\u00f6rdag<\/strong><strong> 09.10.21<\/strong><\/h3>\n<ul>\n<li>09:00 \u2013 09:45\u00a0 \u00a0Wendy Mitchell Talent Lab<\/li>\n<li>10:00 \u2013 10:45\u00a0 \u00a0 Talent Lab m\u00f6ter Trine<\/li>\n<li>11:00 \u2013 12:30\u00a0 \u00a0 \u00a0<a href=\"https:\/\/riff.is\/industry-days\/masterclasses\/\">Trine Dyrholm Masterclass<\/a><\/li>\n<li>13:00 \u2013 14:30\u00a0 \u00a0 \u00a0<a href=\"https:\/\/riff.is\/industry-days\/industry-panels\/\">Industry Panels Voices Everywhere<\/a><\/li>\n<li>15:00\u00a0 \u00a0 \u00a0 \u00a0 \u00a0 \u00a0 \u00a0 \u00a0 \u00a0\u00a0 \u00a0<a href=\"https:\/\/riff.is\/industry-days\/industry-panels\/\">Industry Panels Nordic Noir<\/a><\/li>\n<\/ul>\n<h3><strong>S\u00f6ndag <\/strong><strong>10.10.21<\/strong><\/h3>\n<ul>\n<li>13:00 \u2013 14:30\u00a0 \u00a0<a href=\"https:\/\/riff.is\/riff4future\/\">RIFF 4Future<\/a><\/li>\n<li>16:30\u00a0 \u00a0 \u00a0 \u00a0 \u00a0 \u00a0 \u00a0 \u00a0 \u00a0 <a href=\"https:\/\/riff.is\/films\/kinbaku-the-art-of-bondage\/\">Kinbaku \u2013 The Art of Bondage <\/a><\/li>\n<li>17:30\u00a0 \u00a0 \u00a0 \u00a0 \u00a0 \u00a0 \u00a0 \u00a0\u00a0\u00a0 <a href=\"https:\/\/riff.is\/films\/passion\/\">Passion\u00a0<\/a><\/li>\n<\/ul>\n<p>&nbsp;<\/p>\n<p><a href=\"https:\/\/riff.is\/all-about-riff\/\">H\u00e4r<\/a> kan du l\u00e4sa mera om RIFF<\/p>\n<p>Det kompletta programmet f\u00f6r RIFF 2021 finner du <a href=\"https:\/\/riff.is\/sections-2021\/\">h\u00e4r<\/a>.<\/p>\n<p>L\u00e4s mera om biljetter <a href=\"https:\/\/riff.is\/shop\/\">h\u00e4r<\/a>.<\/p>\n<p>L\u00e4s mera om industridagarna <a href=\"https:\/\/riff.is\/industry-days\/\">h\u00e4r<\/a>.<\/p>\n<p>Bes\u00f6k RIFF 2021 <a href=\"https:\/\/riff.is\/\">hemsida<\/a>.<\/p>\n","protected":false},"excerpt":{"rendered":"<p>Den 18:de upplagan av Reykjavik internationella filmfestival RIFF \u00e4ger rum under perioden 30.9-10.10.2021. Programmet inkluderar ett brett urval filmer, evenemang och aktiviteter. Detta \u00e5r har festivalen ett speciellt fokus p\u00e5 musik i film. Ett annat fokusomr\u00e5de \u00e4r Nederl\u00e4nderna, vilket betyder att ett urval nya nederl\u00e4ndska filmer och kortfilmer finns p\u00e5 programmet. Ut\u00f6ver dessa hittas ocks\u00e5 [&hellip;]<\/p>\n","protected":false},"featured_media":39172,"template":"","event-categories":[461,85],"class_list":["post-39191","event","type-event","status-publish","has-post-thumbnail","hentry","event-categories-festivaler","event-categories-film","no-banner-image"],"acf":[],"_links":{"self":[{"href":"https:\/\/nordichouse.is\/da\/wp-json\/wp\/v2\/event\/39191","targetHints":{"allow":["GET"]}}],"collection":[{"href":"https:\/\/nordichouse.is\/da\/wp-json\/wp\/v2\/event"}],"about":[{"href":"https:\/\/nordichouse.is\/da\/wp-json\/wp\/v2\/types\/event"}],"wp:featuredmedia":[{"embeddable":true,"href":"https:\/\/nordichouse.is\/da\/wp-json\/wp\/v2\/media\/39172"}],"wp:attachment":[{"href":"https:\/\/nordichouse.is\/da\/wp-json\/wp\/v2\/media?parent=39191"}],"wp:term":[{"taxonomy":"event-categories","embeddable":true,"href":"https:\/\/nordichouse.is\/da\/wp-json\/wp\/v2\/event-categories?post=39191"}],"curies":[{"name":"wp","href":"https:\/\/api.w.org\/{rel}","templated":true}]}}