{"id":3647,"date":"2016-04-13T14:21:13","date_gmt":"2016-04-13T14:21:13","guid":{"rendered":"https:\/\/nordichouse.is\/event\/meet-author-viveca-sten-livestream-2\/"},"modified":"2016-09-13T16:40:14","modified_gmt":"2016-09-13T16:40:14","slug":"meet-author-viveca-sten-livestream","status":"publish","type":"event","link":"https:\/\/nordichouse.is\/da\/begivenhed\/meet-author-viveca-sten-livestream\/","title":{"rendered":"Forfatteraften med: Viveca Sten &#8211; Livestream"},"content":{"rendered":"<h3>Forfatteraften med\u00a0Viveca Sten<\/h3>\n<h3><strong>Nordens hus den 3. maj\u00a0kl. 19.30. Gratis inngang.<\/strong><\/h3>\n<p><strong>Samtalen vil foreg\u00e5 p\u00e5 skandinavisk.\u00a0Moderator er \u00a0Tinna \u00c1sgeirsd\u00f3ttir og intervjuet med Viveca Sten blir p\u00e5 skandinavisk.<\/strong><\/p>\n<p>Forfatteraften via Nordens Hus\u00a0<a href=\"https:\/\/livestream.com\/accounts\/14889744\">livestream<\/a><br \/>\n<iframe id=\"ls_embed_1460557132\" data-src=\"\/\/livestream.com\/accounts\/14889744\/events\/5189364\/player?width=560&amp;height=315&amp;autoPlay=true&amp;mute=false\" width=\"560\" height=\"315\" frameborder=\"0\" scrolling=\"no\" src=\"data:image\/svg+xml;base64,PHN2ZyB3aWR0aD0iMSIgaGVpZ2h0PSIxIiB4bWxucz0iaHR0cDovL3d3dy53My5vcmcvMjAwMC9zdmciPjwvc3ZnPg==\" class=\"lazyload\" data-load-mode=\"1\"><\/iframe><br \/>\n<script src=\"\/\/livestream.com\/assets\/plugins\/referrer_tracking.js\" type=\"text\/javascript\" data-embed_id=\"ls_embed_1460557132\"><\/script><\/p>\n<p><strong>Viveca Sten<\/strong> (f. 1959) kommer fr\u00e5n Stockholm och \u00e4r f\u00f6rfattare och jurist. Hon har skrivit ett par fackb\u00f6cker om juridiska fr\u00e5gor, men mest k\u00e4nd \u00e4r hon f\u00f6r sin deckarserie <em>Morden i Sandhamn<\/em>. Viveca Sten debuterade med <em>I de lugnaste vatten<\/em> \u00e5r 2008, den f\u00f6rsta boken i Sandhamnsserien, som till dags dato utg\u00f6rs av \u00e5tta kriminalromaner. Den senaste delen heter<em> I sanningens namn<\/em> och utkom 2015. Serien har s\u00e5lt i \u00f6ver tre miljoner exemplar v\u00e4rlden \u00f6ver och finns utgiven p\u00e5 cirka tjugo spr\u00e5k i bland annat \u00a0Norden, Tyskland, Frankrike, England och USA. De tre f\u00f6rsta b\u00f6ckerna har \u00e4ven filmatiserats.<\/p>\n<p>Huvudpersonerna i Sandhamnsserien \u00e4r Thomas Andreasson, kriminalinspekt\u00f6r, och bankjuristen Nora Linde. I sina b\u00f6cker unders\u00f6ker Viveca Sten de olika drivkrafter som kan f\u00e5 en m\u00e4nniska att beg\u00e5 det mest fruktansv\u00e4rda av brott, brottet att ber\u00f6va en annan m\u00e4nniska livet. Det kan handla om till exempel ekonomisk vinning, hat, f\u00f6rtvivlan eller rent h\u00e4mndbeg\u00e4r.<\/p>\n<p>I Sandhamnsserien ing\u00e5r f\u00f6ljande titlar:\u00a0<a href=\"https:\/\/sv.wikipedia.org\/wiki\/I_de_lugnaste_vatten\"><em>I de lugnaste vatten<\/em><\/a>, <a href=\"https:\/\/sv.wikipedia.org\/wiki\/I_den_innersta_kretsen\"><em>I den innersta kretsen<\/em><\/a>, <a href=\"https:\/\/sv.wikipedia.org\/wiki\/I_grunden_utan_skuld\"><em>I grunden utan skuld<\/em><\/a>, <a href=\"https:\/\/sv.wikipedia.org\/wiki\/I_natt_%C3%A4r_du_d%C3%B6d\"><em>I natt \u00e4r du d\u00f6d<\/em><\/a>, <a href=\"https:\/\/sv.wikipedia.org\/wiki\/I_stundens_hetta\"><em>I stundens hetta<\/em><\/a><em>, <\/em><a href=\"https:\/\/sv.wikipedia.org\/wiki\/I_farans_riktning\"><em>I farans riktning<\/em><\/a><em>, <\/em><a href=\"https:\/\/sv.wikipedia.org\/wiki\/I_maktens_skugga\"><em>I maktens skugga<\/em><\/a> och<em> I sanningens namn.<\/em><\/p>\n<p><strong>AALTO Bistro<\/strong><\/p>\n<p>F\u00f8r arrangementet og i pausen anbefaler vi Nordens HUs restaurant\u00a0<a href=\"http:\/\/aalto.is\/\">AALTO Bistro!<\/a>\u00a0\u00a0I restauranten kan man spise en bedre middag eller nyte av deres sm\u00e5retter, kaker og annet p\u00e5 menyen, alt er laget av r\u00e5varer av ypperste kvalitet. En god start p\u00e5 forfatteraften, s\u00e5 b\u00e5de kropp og sinn for sitt. Bordbestilling\u00a0<a href=\"http:\/\/www.aalto.is\/panta-boreth.html\">her.<\/a><\/p>\n<p>Foto: Thorn Ullberg<\/p>\n<p>&nbsp;<\/p>\n","protected":false},"excerpt":{"rendered":"<p>Forfatteraften med\u00a0Viveca Sten Nordens hus den 3. maj\u00a0kl. 19.30. Gratis inngang. Samtalen vil foreg\u00e5 p\u00e5 skandinavisk.\u00a0Moderator er \u00a0Tinna \u00c1sgeirsd\u00f3ttir og intervjuet med Viveca Sten blir p\u00e5 skandinavisk. Forfatteraften via Nordens Hus\u00a0livestream Viveca Sten (f. 1959) kommer fr\u00e5n Stockholm och \u00e4r f\u00f6rfattare och jurist. Hon har skrivit ett par fackb\u00f6cker om juridiska fr\u00e5gor, men mest k\u00e4nd [&hellip;]<\/p>\n","protected":false},"featured_media":3645,"template":"","event-categories":[70,91],"class_list":["post-3647","event","type-event","status-publish","has-post-thumbnail","hentry","event-categories-litteraturbegivenheder","event-categories-livestream-dk","has-banner-image"],"acf":[],"_links":{"self":[{"href":"https:\/\/nordichouse.is\/da\/wp-json\/wp\/v2\/event\/3647","targetHints":{"allow":["GET"]}}],"collection":[{"href":"https:\/\/nordichouse.is\/da\/wp-json\/wp\/v2\/event"}],"about":[{"href":"https:\/\/nordichouse.is\/da\/wp-json\/wp\/v2\/types\/event"}],"wp:featuredmedia":[{"embeddable":true,"href":"https:\/\/nordichouse.is\/da\/wp-json\/wp\/v2\/media\/3645"}],"wp:attachment":[{"href":"https:\/\/nordichouse.is\/da\/wp-json\/wp\/v2\/media?parent=3647"}],"wp:term":[{"taxonomy":"event-categories","embeddable":true,"href":"https:\/\/nordichouse.is\/da\/wp-json\/wp\/v2\/event-categories?post=3647"}],"curies":[{"name":"wp","href":"https:\/\/api.w.org\/{rel}","templated":true}]}}