{"id":35990,"date":"2021-09-10T12:48:13","date_gmt":"2021-09-10T12:48:13","guid":{"rendered":"https:\/\/nordichouse.is\/?post_type=event&#038;p=35990"},"modified":"2021-12-08T11:06:11","modified_gmt":"2021-12-08T11:06:11","slug":"vaestnordiska-dagen-2021","status":"publish","type":"event","link":"https:\/\/nordichouse.is\/da\/begivenhed\/vaestnordiska-dagen-2021\/","title":{"rendered":"V\u00e4stnordens Dag 2021"},"content":{"rendered":"<p>Den v\u00e4stnordens dag firas i Nordens Hus i \u00e5r med ett varierande och sp\u00e4nnande program p\u00e5 torsdagen den 23. september. M\u00e5let med dagen \u00e4r att st\u00e4rka och synligg\u00f6ra det kulturella samarbetet mellan F\u00e4r\u00f6arna, Gr\u00f6nland och Island.<\/p>\n<p>Programmet best\u00e5r av ett seminarium och visning av den f\u00e4r\u00f6iska dokument\u00e4ren SK\u00c1L (2021). I pausen mellan har vi en reception med f\u00f6rfriskningar. Dessutom kommer den gr\u00f6nl\u00e4ndska trumdansaren Varna Nielsen att upptr\u00e4da<\/p>\n<h2><strong>Program<\/strong><\/h2>\n<h3>17.00-18.00 F\u00e4r\u00f6iska och Gr\u00f6nl\u00e4ndska perspektiv p\u00e5 V\u00e4stnordiskt samarbete &#8211; Seminarium (p\u00e5 engelska)<\/h3>\n<p>Fokus i diskussionen kommer att ligga p\u00e5 v\u00e4stnordisk framtid sett fr\u00e5n gr\u00f6nl\u00e4ndska och f\u00e4r\u00f6iska perspektiv. Intresset f\u00f6r det arktiska och v\u00e4stnordiska samarbetet har \u00f6kat, inte minst p\u00e5 Island, under det senaste decenniet. Vilka \u00e4r de fr\u00e4msta utmaningarna och m\u00f6jligheterna i det v\u00e4stnordiska samarbetet? Vad \u00e4r unikt med det v\u00e4stnordiska samarbetet?<\/p>\n<p>Talare:<\/p>\n<p><strong>Ann-Sofie<\/strong><strong> Nielsen<\/strong><strong> Gremaud, <\/strong>Bitr\u00e4dande professor, Fakulteten f\u00f6r spr\u00e5k och kultur H\u00cd<br \/>\n<strong>Sumarli\u00f0i \u00cdsleifsson, <\/strong>Bitr\u00e4dande professor, Humanistiska fakulteten H\u00cd<br \/>\n<strong>Halla Nols\u00f8e Poulsen, <\/strong>F\u00e4r\u00f6arnas representant p\u00e5 Island<br \/>\n<strong>Tove S\u00f8vndahl Gant,\u00a0<\/strong>Gr\u00f6nlands representant p\u00e5 Island<br \/>\n<strong>Sigur<\/strong><strong>\u00f0ur \u00d3lafsson<\/strong>, Generalsekreterare, V\u00e4stnordiska r\u00e5det<\/p>\n<p>Seminariet avslutas med en kortfilm om gymnasieelevers liv med ett s\u00e4rskilt v\u00e4stnordiskt studieprogram d\u00e4r de delar med sig av sina erfarenheter av att bo i alla tre l\u00e4nderna i regionen.<\/p>\n<h3>18.00 Mottagning med f\u00f6rfriskningar<\/h3>\n<h3>18.20\u00a0 Upptr\u00e4dande av Gr\u00f6nl\u00e4ndska trumdansaren Varna Nielsen<\/h3>\n<h3>18.30 <a href=\"https:\/\/nordichouse.is\/da\/begivenhed\/skal-2021-filmvisning\/\">SK\u00c1L (2021) &#8211; Filmvisning<\/a><\/h3>\n<p>L\u00e4s mera om filmen<strong> <a href=\"https:\/\/nordichouse.is\/da\/begivenhed\/skal-2021-filmvisning\/\">h\u00e4r<\/a><\/strong><\/p>\n<h3>19.50 Fr\u00e5gestund med huvudpersonerna fr\u00e5n filmen \u2013 Dania O. Tausen &amp; Trygve Danielsen<\/h3>\n<p><a href=\"https:\/\/nordichouse.is\/da\/bokasafn\/\">Biblioteket<\/a> p\u00e5 Nordens Hus erbjuder ett varierat utbud av b\u00f6cker samt <a href=\"https:\/\/nordichouse.is\/da\/begivenhed\/myndlist-anddyrinu-artotek-norraena-hussins\/\">konstverk<\/a> till utl\u00e5ning av f\u00e4r\u00f6iska och gr\u00f6nl\u00e4ndska konstn\u00e4rer, som kommer \u00e4gnas s\u00e4rskild uppm\u00e4rksamhet vid dagens tillf\u00e4lle.<\/p>\n<p>I v\u00e5r utst\u00e4llningshall <a href=\"https:\/\/nordichouse.is\/da\/om-huset\/hvelfing\/\">Hvelfing<\/a>, i k\u00e4llaren, hittar du den ny\u00f6ppnade utst\u00e4llningen <a href=\"https:\/\/nordichouse.is\/da\/begivenhed\/time-matter-remains-trouble\/\">TIME MATTER REMAINS TROUBLE<\/a>, d\u00e4r isl\u00e4ndska Bjarki Bragason och Anna R\u00fan Tryggvad\u00f3ttir bl.a nordiska konstn\u00e4rer st\u00e4ller ut sin konst.<\/p>\n<p>Nordens Hus koordinerar programmet f\u00f6r v\u00e4stnordens dag i samarbete med:<\/p>\n<ul>\n<li>Vigd\u00eds Finnbogad\u00f3ttir institutet f\u00f6r fr\u00e4mmande spr\u00e5k, Islands universitet<\/li>\n<li>F\u00e4r\u00f6arnas representation p\u00e5 Island<\/li>\n<li>Gr\u00f6nlands representation p\u00e5 Island<\/li>\n<li>Utbildings- och Kulturministeriet Island<\/li>\n<li>V\u00e4stnordiska r\u00e5det<\/li>\n<li>F\u00f6reningen Norden Island<\/li>\n<\/ul>\n<h3>Om V\u00e4stnordens dag<\/h3>\n<p>Den v\u00e4stnordens dag firas \u00e5rligen den 23. september f\u00f6r att \u00f6ka samarbetet och k\u00e4nslan av sammanh\u00e5llning mellan de tre grannl\u00e4nderna, F\u00e4r\u00f6arna, Island och Gr\u00f6nland. Dagen markeras av h\u00f6stdagj\u00e4mningen, f\u00f6r att beteckna v\u00e4stnordisk historia och kultur i de v\u00e4stnordiska l\u00e4nderna. Avtalet om detta v\u00e4stnordiska kultursamarbete skyddas av kulturministrarna p\u00e5 F\u00e4r\u00f6arna, Island och Gr\u00f6nland. Dagen firas samtidigt i alla tre l\u00e4nder.<\/p>\n","protected":false},"excerpt":{"rendered":"<p>Den v\u00e4stnordens dag firas i Nordens Hus i \u00e5r med ett varierande och sp\u00e4nnande program p\u00e5 torsdagen den 23. september. M\u00e5let med dagen \u00e4r att st\u00e4rka och synligg\u00f6ra det kulturella samarbetet mellan F\u00e4r\u00f6arna, Gr\u00f6nland och Island. Programmet best\u00e5r av ett seminarium och visning av den f\u00e4r\u00f6iska dokument\u00e4ren SK\u00c1L (2021). I pausen mellan har vi en [&hellip;]<\/p>\n","protected":false},"featured_media":36923,"template":"","event-categories":[85,69],"class_list":["post-35990","event","type-event","status-publish","has-post-thumbnail","hentry","event-categories-film","event-categories-konferencer","no-banner-image"],"acf":[],"_links":{"self":[{"href":"https:\/\/nordichouse.is\/da\/wp-json\/wp\/v2\/event\/35990","targetHints":{"allow":["GET"]}}],"collection":[{"href":"https:\/\/nordichouse.is\/da\/wp-json\/wp\/v2\/event"}],"about":[{"href":"https:\/\/nordichouse.is\/da\/wp-json\/wp\/v2\/types\/event"}],"wp:featuredmedia":[{"embeddable":true,"href":"https:\/\/nordichouse.is\/da\/wp-json\/wp\/v2\/media\/36923"}],"wp:attachment":[{"href":"https:\/\/nordichouse.is\/da\/wp-json\/wp\/v2\/media?parent=35990"}],"wp:term":[{"taxonomy":"event-categories","embeddable":true,"href":"https:\/\/nordichouse.is\/da\/wp-json\/wp\/v2\/event-categories?post=35990"}],"curies":[{"name":"wp","href":"https:\/\/api.w.org\/{rel}","templated":true}]}}