{"id":26559,"date":"2020-11-11T11:17:02","date_gmt":"2020-11-11T11:17:02","guid":{"rendered":"https:\/\/nordichouse.is\/event\/ad-velja-graena-leid-stafraenn-heilsdags-vidburdur-um-graent-bataferli-eftir-koronuveirufaraldurinn\/"},"modified":"2020-11-11T11:36:18","modified_gmt":"2020-11-11T11:36:18","slug":"ad-velja-graena-leid-stafraenn-heilsdags-vidburdur-um-graent-bataferli-eftir-koronuveirufaraldurinn","status":"publish","type":"event","link":"https:\/\/nordichouse.is\/da\/begivenhed\/ad-velja-graena-leid-stafraenn-heilsdags-vidburdur-um-graent-bataferli-eftir-koronuveirufaraldurinn\/","title":{"rendered":"CHOOSING GREEN: Et digitalt toppm\u00f8te i oppvarming til COP26"},"content":{"rendered":"<p>Bli med p\u00e5 et digitalt \u00e9ndagsarrangement om milj\u00f8messig innhenting etter korona, i oppvarming til COP26. I seks debatter utfordrer vi politikere, organisasjoner, representanter for offentlig og privat sektor og entrepren\u00f8rer fra Norden for \u00e5 avdekke sterke og svake sider ved den nordiske modellen. Hva har vi \u00e5 tilby, og hva er vi blinde for?<\/p>\n<p>Dette \u00e5ret skulle v\u00e6re \u00e5ret for klimaforandringer, men Covid-19 pandemien har snudd alt opp ned og klimaforhandlingene p\u00e5 COP26 har blitt utsatt. Mens store samlinger ikker er mulige, mener vi i det Nordiske samarbeidet at dette arbeidet er for viktig til \u00e5 bli satt p\u00e5 vent, og fortsetter dermed ned stien for en gr\u00f8nnere og mer b\u00e6rekraftig fremtid for alle. Vi h\u00e5per derfor at du vil bli med oss den 17. november for en virtuell endags-event hvor vi vil diskutere noen av de mest presserende sakene i oppvarming til COP26 i Glasgow neste h\u00f8st.<\/p>\n<p>Scenen er satt for paneldiskusjoner og key note-taler av det h\u00f8yeste kaliber, med noen av de smarteste hjernene i den Nordiske regionen. Vi har delt dagen inn i tre temaer:<\/p>\n<ul>\n<li>9-11 \u2013 En gr\u00f8nn Nordisk region: hvor langt har vi kommet?<\/li>\n<li>12-2 pm \u2013 En gr\u00f8nne omstilling: konsekvenser for nordiske arbeidsplasser og ferdigheter?<\/li>\n<li>3-5 pm \u2013 Vakker b\u00e6rekraftig verden: er den Nordiske modellen under press?<\/li>\n<\/ul>\n<p>Eventet finner sted p\u00e5 engelsk, og vil bli livestreamet p\u00e5 <a href=\"https:\/\/www.facebook.com\/nordichouservk\">Facebooksiden til Nordens Hus<\/a> og p\u00e5 nettsiden norden.org.<\/p>\n<p>Se hele programmet og listen over talere p\u00e5 nettsiden:\u00a0<a href=\"http:\/\/www.norden.org\/en\/choosing-green\">www.norden.org\/en\/choosing-green<\/a><\/p>\n<p>Link til Facebook eventet: <a href=\"https:\/\/fb.me\/e\/2QKHGpFGx\">https:\/\/fb.me\/e\/2QKHGpFGx<\/a><\/p>\n","protected":false},"excerpt":{"rendered":"<p>Bli med p\u00e5 et digitalt \u00e9ndagsarrangement om milj\u00f8messig innhenting etter korona, i oppvarming til COP26. I seks debatter utfordrer vi politikere, organisasjoner, representanter for offentlig og privat sektor og entrepren\u00f8rer fra Norden for \u00e5 avdekke sterke og svake sider ved den nordiske modellen. Hva har vi \u00e5 tilby, og hva er vi blinde for? Dette [&hellip;]<\/p>\n","protected":false},"featured_media":26564,"template":"","event-categories":[69,91,98],"class_list":["post-26559","event","type-event","status-publish","has-post-thumbnail","hentry","event-categories-konferencer","event-categories-livestream-dk","event-categories-norden-i-fokus","no-banner-image"],"acf":[],"_links":{"self":[{"href":"https:\/\/nordichouse.is\/da\/wp-json\/wp\/v2\/event\/26559","targetHints":{"allow":["GET"]}}],"collection":[{"href":"https:\/\/nordichouse.is\/da\/wp-json\/wp\/v2\/event"}],"about":[{"href":"https:\/\/nordichouse.is\/da\/wp-json\/wp\/v2\/types\/event"}],"wp:featuredmedia":[{"embeddable":true,"href":"https:\/\/nordichouse.is\/da\/wp-json\/wp\/v2\/media\/26564"}],"wp:attachment":[{"href":"https:\/\/nordichouse.is\/da\/wp-json\/wp\/v2\/media?parent=26559"}],"wp:term":[{"taxonomy":"event-categories","embeddable":true,"href":"https:\/\/nordichouse.is\/da\/wp-json\/wp\/v2\/event-categories?post=26559"}],"curies":[{"name":"wp","href":"https:\/\/api.w.org\/{rel}","templated":true}]}}