{"id":25550,"date":"2020-09-02T15:02:21","date_gmt":"2020-09-02T15:02:21","guid":{"rendered":"https:\/\/nordichouse.is\/event\/matreidslunamskeid-fyrir-born-10-16-ara\/"},"modified":"2020-09-02T15:10:16","modified_gmt":"2020-09-02T15:10:16","slug":"matreidslunamskeid-fyrir-born-10-16-ara","status":"publish","type":"event","link":"https:\/\/nordichouse.is\/da\/begivenhed\/matreidslunamskeid-fyrir-born-10-16-ara\/","title":{"rendered":"Matlagingskurs for barn 10-16 \u00e5r"},"content":{"rendered":"<h3>Hvordan kan du piffe opp en br\u00f8dskive med en god pesto? Er det mulig \u00e5 lage en nydelig brus fra hagens vegetasjon?<\/h3>\n<p>Barn i alderen 10-16 \u00e5r kan p\u00e5 \u00e9n time l\u00e6re seg \u00e5 lage pestosm\u00f8rbr\u00f8d og hjemmelaget brus fra innh\u00f8stingen utenfor Nordens hus. \u00c1rni \u00d3lafur J\u00f3nsson, kokk og eier av MATR, kaf\u00e9en i Nordens hus, veileder barna og bruker ingredienser som er enkle \u00e5 dyrke p\u00e5 Island.<\/p>\n<p>Gratis inngang, men begrenset plass. <a href=\"https:\/\/tix.is\/is\/event\/10580\/matrei-slunamskei-fyrir-born-10-16-ara\/\" target=\"_blank\" rel=\"noopener noreferrer\">Billetter er tilgjengelige her.<\/a><\/p>\n<p>Kokkekurset holdes i forbindelse med barnas h\u00f8stfestival i Nordens hus s\u00f8ndag 6. september kl. 12-16. Innh\u00f8stingen er resultatet av prosjektet S\u00e5, se og smak. Mer informasjon om prosjektet <a href=\"https:\/\/nordichouse.is\/da\/saum-sjaum-og-smokkum-graenn-voxtur-a-nordurlondum\/\" target=\"_blank\" rel=\"noopener noreferrer\">finner du her<\/a>.<\/p>\n<p>H\u00f8stingen ved Nordens hus er for det meste innh\u00f8sting av fr\u00f8 fra <a href=\"https:\/\/www.nordgen.org\/en\/\" target=\"_blank\" rel=\"noopener noreferrer\">NordGen<\/a>, en samnordisk genbank som bevarer fr\u00f8ene til over 33 000 arter av planter som trives i Norden. Ved \u00e5 bevare fr\u00f8ene og bruke dem, ivaretar vi biologisk mangfold og fremmer samtidig tiltak mot klimaendringer.<\/p>\n","protected":false},"excerpt":{"rendered":"<p>Hvordan kan du piffe opp en br\u00f8dskive med en god pesto? Er det mulig \u00e5 lage en nydelig brus fra hagens vegetasjon? Barn i alderen 10-16 \u00e5r kan p\u00e5 \u00e9n time l\u00e6re seg \u00e5 lage pestosm\u00f8rbr\u00f8d og hjemmelaget brus fra innh\u00f8stingen utenfor Nordens hus. \u00c1rni \u00d3lafur J\u00f3nsson, kokk og eier av MATR, kaf\u00e9en i Nordens [&hellip;]<\/p>\n","protected":false},"featured_media":25548,"template":"","event-categories":[461,67],"class_list":["post-25550","event","type-event","status-publish","has-post-thumbnail","hentry","event-categories-festivaler","event-categories-for-born","event_tags-saum-sjaum-og-smokkum-da","no-banner-image"],"acf":[],"_links":{"self":[{"href":"https:\/\/nordichouse.is\/da\/wp-json\/wp\/v2\/event\/25550","targetHints":{"allow":["GET"]}}],"collection":[{"href":"https:\/\/nordichouse.is\/da\/wp-json\/wp\/v2\/event"}],"about":[{"href":"https:\/\/nordichouse.is\/da\/wp-json\/wp\/v2\/types\/event"}],"wp:featuredmedia":[{"embeddable":true,"href":"https:\/\/nordichouse.is\/da\/wp-json\/wp\/v2\/media\/25548"}],"wp:attachment":[{"href":"https:\/\/nordichouse.is\/da\/wp-json\/wp\/v2\/media?parent=25550"}],"wp:term":[{"taxonomy":"event-categories","embeddable":true,"href":"https:\/\/nordichouse.is\/da\/wp-json\/wp\/v2\/event-categories?post=25550"}],"curies":[{"name":"wp","href":"https:\/\/api.w.org\/{rel}","templated":true}]}}