{"id":25495,"date":"2020-08-28T16:20:23","date_gmt":"2020-08-28T16:20:23","guid":{"rendered":"https:\/\/nordichouse.is\/event\/uppskerudagar-saum-sjaum-og-smokkum\/"},"modified":"2020-09-02T21:50:04","modified_gmt":"2020-09-02T21:50:04","slug":"uppskerudagar-saum-sjaum-og-smokkum","status":"publish","type":"event","link":"https:\/\/nordichouse.is\/da\/begivenhed\/uppskerudagar-saum-sjaum-og-smokkum\/","title":{"rendered":"Uppskerudagar S\u00e1um, sj\u00e1um og sm\u00f6kkum"},"content":{"rendered":"<h2>Hva\u00f0 er h\u00e6gt a\u00f0 uppskera au\u00f0veldlega \u00ed eigin gar\u00f0i? Hva\u00f0 smakkast best?<\/h2>\n<p>Norr\u00e6na h\u00fasi\u00f0 heldur uppskerudaga verkefnisins <strong><a href=\"https:\/\/nordichouse.is\/da\/saum-sjaum-og-smokkum-graenn-voxtur-a-nordurlondum\/\">S\u00e1um, sj\u00e1um og sm\u00f6kkum<\/a><\/strong> 1.-6. september. Veri\u00f0 velkomin a\u00f0 sj\u00e1 og smakka uppskeruna!<\/p>\n<p>Fyrir utan Norr\u00e6na h\u00fasi\u00f0 m\u00e1 sj\u00e1 uppskeruna \u00ed gr\u00f3\u00f0urk\u00f6ssum og gr\u00f3\u00f0urh\u00fasum. Inni \u00e1 kaffih\u00fasinu <strong><a href=\"https:\/\/nordichouse.is\/da\/matr\/\">MATR<\/a> <\/strong>m\u00e1 s\u00ed\u00f0an smakka uppskeruna \u00ed \u00fdmsum r\u00e9ttum og drykkjum. Dagleg tilbo\u00f0 \u00e1 r\u00e9ttum ger\u00f0um \u00far uppskerunni ver\u00f0a alla uppskerudagana.<\/p>\n<div id='gallery-1' class='gallery galleryid-25495 gallery-columns-3 gallery-size-thumbnail'><figure class='gallery-item'>\n\t\t\t<div class='gallery-icon landscape'>\n\t\t\t\t<a href='https:\/\/nordichouse.is\/da\/saum-sjaum-og-smokkum-graenn-voxtur-a-nordurlondum\/img_5931-1\/'><img decoding=\"async\" width=\"400\" height=\"400\" data-src=\"https:\/\/nordichouse.is\/wp-content\/uploads\/2020\/08\/img_5931-1-400x400.jpg\" class=\"attachment-thumbnail size-thumbnail lazyload\" alt=\"\" src=\"data:image\/svg+xml;base64,PHN2ZyB3aWR0aD0iMSIgaGVpZ2h0PSIxIiB4bWxucz0iaHR0cDovL3d3dy53My5vcmcvMjAwMC9zdmciPjwvc3ZnPg==\" style=\"--smush-placeholder-width: 400px; --smush-placeholder-aspect-ratio: 400\/400;\" \/><\/a>\n\t\t\t<\/div><\/figure><figure class='gallery-item'>\n\t\t\t<div class='gallery-icon landscape'>\n\t\t\t\t<a href='https:\/\/nordichouse.is\/da\/begivenhed\/uppskerudagar-saum-sjaum-og-smokkum\/img_0953-2-2\/'><img decoding=\"async\" width=\"400\" height=\"400\" data-src=\"https:\/\/nordichouse.is\/wp-content\/uploads\/2020\/08\/img_0953-400x400.jpeg\" class=\"attachment-thumbnail size-thumbnail lazyload\" alt=\"\" data-srcset=\"https:\/\/nordichouse.is\/wp-content\/uploads\/2020\/08\/img_0953-400x400.jpeg 400w, https:\/\/nordichouse.is\/wp-content\/uploads\/2020\/08\/img_0953-800x800.jpeg 800w\" data-sizes=\"(max-width: 400px) 100vw, 400px\" src=\"data:image\/svg+xml;base64,PHN2ZyB3aWR0aD0iMSIgaGVpZ2h0PSIxIiB4bWxucz0iaHR0cDovL3d3dy53My5vcmcvMjAwMC9zdmciPjwvc3ZnPg==\" style=\"--smush-placeholder-width: 400px; --smush-placeholder-aspect-ratio: 400\/400;\" \/><\/a>\n\t\t\t<\/div><\/figure><figure class='gallery-item'>\n\t\t\t<div class='gallery-icon landscape'>\n\t\t\t\t<a href='https:\/\/nordichouse.is\/da\/saum-sjaum-og-smokkum-graenn-voxtur-a-nordurlondum\/closeup-photo-of-sprout-1002703-3\/'><img decoding=\"async\" width=\"400\" height=\"400\" data-src=\"https:\/\/nordichouse.is\/wp-content\/uploads\/2020\/08\/closeup-photo-of-sprout-1002703-400x400.jpg\" class=\"attachment-thumbnail size-thumbnail lazyload\" alt=\"\" src=\"data:image\/svg+xml;base64,PHN2ZyB3aWR0aD0iMSIgaGVpZ2h0PSIxIiB4bWxucz0iaHR0cDovL3d3dy53My5vcmcvMjAwMC9zdmciPjwvc3ZnPg==\" style=\"--smush-placeholder-width: 400px; --smush-placeholder-aspect-ratio: 400\/400;\" \/><\/a>\n\t\t\t<\/div><\/figure><figure class='gallery-item'>\n\t\t\t<div class='gallery-icon landscape'>\n\t\t\t\t<a href='https:\/\/nordichouse.is\/da\/saum-sjaum-og-smokkum-graenn-voxtur-a-nordurlondum\/20200807_165254-2\/'><img decoding=\"async\" width=\"400\" height=\"400\" data-src=\"https:\/\/nordichouse.is\/wp-content\/uploads\/2020\/08\/20200807_165254-400x400.jpg\" class=\"attachment-thumbnail size-thumbnail lazyload\" alt=\"\" data-srcset=\"https:\/\/nordichouse.is\/wp-content\/uploads\/2020\/08\/20200807_165254-400x400.jpg 400w, https:\/\/nordichouse.is\/wp-content\/uploads\/2020\/08\/20200807_165254-800x800.jpg 800w\" data-sizes=\"(max-width: 400px) 100vw, 400px\" src=\"data:image\/svg+xml;base64,PHN2ZyB3aWR0aD0iMSIgaGVpZ2h0PSIxIiB4bWxucz0iaHR0cDovL3d3dy53My5vcmcvMjAwMC9zdmciPjwvc3ZnPg==\" style=\"--smush-placeholder-width: 400px; --smush-placeholder-aspect-ratio: 400\/400;\" \/><\/a>\n\t\t\t<\/div><\/figure><figure class='gallery-item'>\n\t\t\t<div class='gallery-icon landscape'>\n\t\t\t\t<a href='https:\/\/nordichouse.is\/da\/saum-sjaum-og-smokkum-graenn-voxtur-a-nordurlondum\/2020_0827_19530100-2\/'><img decoding=\"async\" width=\"400\" height=\"400\" data-src=\"https:\/\/nordichouse.is\/wp-content\/uploads\/2020\/08\/2020_0827_19530100-400x400.jpg\" class=\"attachment-thumbnail size-thumbnail lazyload\" alt=\"\" data-srcset=\"https:\/\/nordichouse.is\/wp-content\/uploads\/2020\/08\/2020_0827_19530100-400x400.jpg 400w, https:\/\/nordichouse.is\/wp-content\/uploads\/2020\/08\/2020_0827_19530100-800x800.jpg 800w\" data-sizes=\"(max-width: 400px) 100vw, 400px\" src=\"data:image\/svg+xml;base64,PHN2ZyB3aWR0aD0iMSIgaGVpZ2h0PSIxIiB4bWxucz0iaHR0cDovL3d3dy53My5vcmcvMjAwMC9zdmciPjwvc3ZnPg==\" style=\"--smush-placeholder-width: 400px; --smush-placeholder-aspect-ratio: 400\/400;\" \/><\/a>\n\t\t\t<\/div><\/figure><figure class='gallery-item'>\n\t\t\t<div class='gallery-icon landscape'>\n\t\t\t\t<a href='https:\/\/nordichouse.is\/da\/saum-sjaum-og-smokkum-graenn-voxtur-a-nordurlondum\/dsc04296-2\/'><img decoding=\"async\" width=\"400\" height=\"400\" data-src=\"https:\/\/nordichouse.is\/wp-content\/uploads\/2020\/08\/dsc04296-400x400.jpg\" class=\"attachment-thumbnail size-thumbnail lazyload\" alt=\"\" data-srcset=\"https:\/\/nordichouse.is\/wp-content\/uploads\/2020\/08\/dsc04296-400x400.jpg 400w, https:\/\/nordichouse.is\/wp-content\/uploads\/2020\/08\/dsc04296-800x800.jpg 800w\" data-sizes=\"(max-width: 400px) 100vw, 400px\" src=\"data:image\/svg+xml;base64,PHN2ZyB3aWR0aD0iMSIgaGVpZ2h0PSIxIiB4bWxucz0iaHR0cDovL3d3dy53My5vcmcvMjAwMC9zdmciPjwvc3ZnPg==\" style=\"--smush-placeholder-width: 400px; --smush-placeholder-aspect-ratio: 400\/400;\" \/><\/a>\n\t\t\t<\/div><\/figure>\n\t\t<\/div>\n\n<p>H\u00e1punktur uppskerudaga ver\u00f0ur sunnudaginn 6. september me\u00f0 <a href=\"https:\/\/nordichouse.is\/da\/begivenhed\/uppskeruhatid-barnanna-saum-sjaum-og-smokkum\/\" target=\"_blank\" rel=\"noopener noreferrer\">uppskeruh\u00e1t\u00ed\u00f0 barnanna<\/a> kl. 12-16. N\u00e1nari uppl\u00fdsingar koma \u00e1 n\u00e6stu d\u00f6gum.<\/p>\n<p><strong>Uppskeran vi\u00f0 Norr\u00e6na h\u00fasi\u00f0<\/strong> er a\u00f0 mestu \u00e1v\u00f6xtur fr\u00e6ja sem koma fr\u00e1 <a href=\"https:\/\/www.nordgen.org\/en\/\" target=\"_blank\" rel=\"noopener noreferrer\">NordGen<\/a>, samnorr\u00e6num genabanka sem var\u00f0veitir fr\u00e6 yfir 33 \u00fe\u00fasund tegundna plantna sem \u00fer\u00edfast vel \u00e1 Nor\u00f0url\u00f6ndum. Me\u00f0 var\u00f0veislu fr\u00e6janna og notkun \u00feeirra er veri\u00f0 a\u00f0 standa v\u00f6r\u00f0 um l\u00edffr\u00e6\u00f0ilega fj\u00f6lbreytni og um lei\u00f0 stu\u00f0la a\u00f0 a\u00f0ger\u00f0um gegn loftslagsbreytingum.<\/p>\n<p>Frekari uppl\u00fdsingar um verkefni\u00f0 S\u00e1um, sj\u00e1um og sm\u00f6kkum m\u00e1 finna <a href=\"https:\/\/nordichouse.is\/da\/saum-sjaum-og-smokkum-graenn-voxtur-a-nordurlondum\/\">h\u00e9r.<\/a><\/p>\n<p>&nbsp;<\/p>\n<div style=\"width: 640px;\" class=\"wp-video\"><video class=\"wp-video-shortcode\" id=\"video-25495-1\" width=\"640\" height=\"320\" poster=\"https:\/\/nordichouse.is\/wp-content\/uploads\/2020\/07\/intro.png\" preload=\"metadata\" controls=\"controls\"><source type=\"video\/mp4\" src=\"https:\/\/nordichouse.is\/wp-content\/uploads\/2020\/07\/intro.mp4?_=1\" \/><a href=\"https:\/\/nordichouse.is\/wp-content\/uploads\/2020\/07\/intro.mp4\">https:\/\/nordichouse.is\/wp-content\/uploads\/2020\/07\/intro.mp4<\/a><\/video><\/div>\n<p>&nbsp;<\/p>\n<p>&nbsp;<\/p>\n","protected":false},"excerpt":{"rendered":"<p>Hva\u00f0 er h\u00e6gt a\u00f0 uppskera au\u00f0veldlega \u00ed eigin gar\u00f0i? Hva\u00f0 smakkast best? Norr\u00e6na h\u00fasi\u00f0 heldur uppskerudaga verkefnisins S\u00e1um, sj\u00e1um og sm\u00f6kkum 1.-6. september. Veri\u00f0 velkomin a\u00f0 sj\u00e1 og smakka uppskeruna! Fyrir utan Norr\u00e6na h\u00fasi\u00f0 m\u00e1 sj\u00e1 uppskeruna \u00ed gr\u00f3\u00f0urk\u00f6ssum og gr\u00f3\u00f0urh\u00fasum. Inni \u00e1 kaffih\u00fasinu MATR m\u00e1 s\u00ed\u00f0an smakka uppskeruna \u00ed \u00fdmsum r\u00e9ttum og drykkjum. Dagleg [&hellip;]<\/p>\n","protected":false},"featured_media":25430,"template":"","event-categories":[461,67,98],"class_list":["post-25495","event","type-event","status-publish","has-post-thumbnail","hentry","event-categories-festivaler","event-categories-for-born","event-categories-norden-i-fokus","has-banner-image"],"acf":[],"_links":{"self":[{"href":"https:\/\/nordichouse.is\/da\/wp-json\/wp\/v2\/event\/25495","targetHints":{"allow":["GET"]}}],"collection":[{"href":"https:\/\/nordichouse.is\/da\/wp-json\/wp\/v2\/event"}],"about":[{"href":"https:\/\/nordichouse.is\/da\/wp-json\/wp\/v2\/types\/event"}],"wp:featuredmedia":[{"embeddable":true,"href":"https:\/\/nordichouse.is\/da\/wp-json\/wp\/v2\/media\/25430"}],"wp:attachment":[{"href":"https:\/\/nordichouse.is\/da\/wp-json\/wp\/v2\/media?parent=25495"}],"wp:term":[{"taxonomy":"event-categories","embeddable":true,"href":"https:\/\/nordichouse.is\/da\/wp-json\/wp\/v2\/event-categories?post=25495"}],"curies":[{"name":"wp","href":"https:\/\/api.w.org\/{rel}","templated":true}]}}