{"id":23376,"date":"2020-03-09T10:20:01","date_gmt":"2020-03-09T10:20:01","guid":{"rendered":"https:\/\/nordichouse.is\/?post_type=event&#038;p=23376"},"modified":"2020-03-13T18:21:20","modified_gmt":"2020-03-13T18:21:20","slug":"et-skjoent-og-groent-norden-nordens-dag","status":"publish","type":"event","link":"https:\/\/nordichouse.is\/da\/begivenhed\/et-skjoent-og-groent-norden-nordens-dag\/","title":{"rendered":"UDSKUDT Et skj\u00f8nt og gr\u00f8nt Norden? \u2013 Nordens dag"},"content":{"rendered":"<p><strong>Denne begivenhed er blevet udskudt, mere information kommer senere.<\/strong><\/p>\n<p>I anledning av Nordens dag mandag 23. mars inviterer Norden i fokus og Foreningen Norden i Island til et program i Nordens Hus kl. 17.00-18.30.<\/p>\n<p>For diskusjon er hvordan det g\u00e5r \u00e5 skape levedyktige og trygge milj\u00f8er i Norden i en hverdag med klimaforandringer og et \u00f8kt antall falske nyheter. En ny visjon for nordisk samarbeid inneb\u00e6rer at Norden skal bli verdens mest b\u00e6rekraftige og integrerte region. Men hvordan fokuserer vi p\u00e5 \u00e5 skape et skj\u00f8nt og gr\u00f8nt Norden, og hvordan er Islands tiltak i forhold til de andre nordiske land? Hva er de st\u00f8rste truslene og mulighetene for de nordiske landene i et samarbeid for et blomstrende milj\u00f8 innenfor og utenfor Norden?<\/p>\n<p>Alle er velkomne! Arrangementet blir p\u00e5 islandsk<\/p>\n<p><strong>Program: Fremtidens Norden<\/strong><br \/>\n&#8211; Hrannar B. Arnarsson, formann for Foreningen Norden i Island<\/p>\n<p><strong>Islands fokus i presidentskapet i Nordisk r\u00e5d<\/strong><br \/>\n&#8211; Silja D\u00f6gg Gunnarsd\u00f3ttir, Nordisk r\u00e5ds president<\/p>\n<p><strong>Islands og andre nordiske lands milj\u00f8situasjon if\u00f8lge rapporten State of the Nordic Region 2020<\/strong><br \/>\n&#8211; Ryan Weber, seniorr\u00e5dgiver Nordregio, og Sven S\u00f8yland, seniorr\u00e5dgiver Nordisk Energiforskning<\/p>\n<p><strong>Nordens unge krav i globale forhandlinger om biodiversitet<\/strong><br \/>\n&#8211; Elva Hr\u00f6nn Hjartard\u00f3ttir, Nordens unge representant for biodiversitet<\/p>\n<p><strong>Paneldebatt \u2013 i tillegg til talere deltar:<\/strong><\/p>\n<ul>\n<li><strong>Au\u00f0unn Atlason<\/strong>, ambassad\u00f8r og avdelingssjef for Nordens kontor i utenriksdepartementet<\/li>\n<li><strong>Elva Rakel J\u00f3nsd\u00f3ttir<\/strong>, formann for bed\u00f8mmelseskomiteen for Nordisk R\u00e5ds Milj\u00f8pris og avdelingssjef for klima og gr\u00f8nt samfunn i Milj\u00f8direktoratet<\/li>\n<li><strong>J\u00f3na \u00de\u00f3rey P\u00e9tursd\u00f3ttir<\/strong>, president for Islands universitets studentforbund<\/li>\n<\/ul>\n<p>Moderator: <strong>Iris Dager<\/strong>, avg\u00e5ende formann for Foreningene Nordens Ungdomsforbund (FNUF)<\/p>\n<p>V\u00edsur og skv\u00edsur \u2013 nordiske sanger<\/p>\n<p>Gr\u00f8nne forfriskninger fra MATR, en zero-waste og milj\u00f8vennlig caf\u00e9 i Nordens Hus<\/p>\n","protected":false},"excerpt":{"rendered":"<p>Denne begivenhed er blevet udskudt, mere information kommer senere. I anledning av Nordens dag mandag 23. mars inviterer Norden i fokus og Foreningen Norden i Island til et program i Nordens Hus kl. 17.00-18.30. For diskusjon er hvordan det g\u00e5r \u00e5 skape levedyktige og trygge milj\u00f8er i Norden i en hverdag med klimaforandringer og et [&hellip;]<\/p>\n","protected":false},"featured_media":23372,"template":"","event-categories":[461,69,98],"class_list":["post-23376","event","type-event","status-publish","has-post-thumbnail","hentry","event-categories-festivaler","event-categories-konferencer","event-categories-norden-i-fokus","no-banner-image"],"acf":[],"_links":{"self":[{"href":"https:\/\/nordichouse.is\/da\/wp-json\/wp\/v2\/event\/23376","targetHints":{"allow":["GET"]}}],"collection":[{"href":"https:\/\/nordichouse.is\/da\/wp-json\/wp\/v2\/event"}],"about":[{"href":"https:\/\/nordichouse.is\/da\/wp-json\/wp\/v2\/types\/event"}],"wp:featuredmedia":[{"embeddable":true,"href":"https:\/\/nordichouse.is\/da\/wp-json\/wp\/v2\/media\/23372"}],"wp:attachment":[{"href":"https:\/\/nordichouse.is\/da\/wp-json\/wp\/v2\/media?parent=23376"}],"wp:term":[{"taxonomy":"event-categories","embeddable":true,"href":"https:\/\/nordichouse.is\/da\/wp-json\/wp\/v2\/event-categories?post=23376"}],"curies":[{"name":"wp","href":"https:\/\/api.w.org\/{rel}","templated":true}]}}