{"id":15526,"date":"2018-06-26T14:27:53","date_gmt":"2018-06-26T14:27:53","guid":{"rendered":"https:\/\/nordichouse.is\/?post_type=event&#038;p=15526"},"modified":"2018-07-03T15:58:00","modified_gmt":"2018-07-03T15:58:00","slug":"volund-koncert-med-koren-vilda-faaglar-fra-gotland","status":"publish","type":"event","link":"https:\/\/nordichouse.is\/da\/begivenhed\/volund-koncert-med-koren-vilda-faaglar-fra-gotland\/","title":{"rendered":"Volund \u2013 Koncert med koren Vilda F\u00e5glar fra Gotland"},"content":{"rendered":"<p>Velkommen til koncert med den gotlandske kor Vilda F\u00e5glar d. 9. juli kl. 20 i Nordens hus.<\/p>\n<p>Den gotl\u00e4ndska k\u00f6ren <strong>Vilda F\u00e5glar<\/strong> svingar sig till Island i sommar! Tretton gotl\u00e4nningar g\u00f6r en turn\u00e9 och ger det gotl\u00e4ndska folkmusikdramat Volund, en ur\u00e5ldrig ber\u00e4ttelse som f\u00f6renar Island och Gotland. <strong>Eva Sj\u00f6strand<\/strong> har skrivit texten till <strong>Jan Ekedahls<\/strong> musik och <strong>Mats Hallberg<\/strong> har arrangerat verket f\u00f6r k\u00f6r.<\/p>\n<p><img decoding=\"async\" class=\"wp-image-15520 lazyload\" data-src=\"https:\/\/nordichouse.is\/wp-content\/uploads\/2018\/06\/volund-3-foto-tommy-sderlund--427x640.jpeg\" alt=\"\" width=\"317\" height=\"476\" data-srcset=\"https:\/\/nordichouse.is\/wp-content\/uploads\/2018\/06\/volund-3-foto-tommy-sderlund--427x640.jpeg 427w, https:\/\/nordichouse.is\/wp-content\/uploads\/2018\/06\/volund-3-foto-tommy-sderlund--814x1220.jpeg 814w, https:\/\/nordichouse.is\/wp-content\/uploads\/2018\/06\/volund-3-foto-tommy-sderlund--768x1151.jpeg 768w, https:\/\/nordichouse.is\/wp-content\/uploads\/2018\/06\/volund-3-foto-tommy-sderlund--1025x1536.jpeg 1025w, https:\/\/nordichouse.is\/wp-content\/uploads\/2018\/06\/volund-3-foto-tommy-sderlund--1366x2048.jpeg 1366w, https:\/\/nordichouse.is\/wp-content\/uploads\/2018\/06\/volund-3-foto-tommy-sderlund--scaled.jpeg 1708w\" data-sizes=\"(max-width: 317px) 100vw, 317px\" src=\"data:image\/svg+xml;base64,PHN2ZyB3aWR0aD0iMSIgaGVpZ2h0PSIxIiB4bWxucz0iaHR0cDovL3d3dy53My5vcmcvMjAwMC9zdmciPjwvc3ZnPg==\" style=\"--smush-placeholder-width: 317px; --smush-placeholder-aspect-ratio: 317\/476;\" \/><\/p>\n<p><span style=\"font-size: 14px;\">Foto: Tommy S\u00f6derlund<\/span><\/p>\n<p>Det \u00e4r f\u00f6rfattaren Eva Sj\u00f6strand som blivit inbjuden till Islands fr\u00e4msta folkmusikfestival i Siglufjord, dels f\u00f6r att ber\u00e4tta om kopplingarna mellan Island och Gotland, dels f\u00f6r att framf\u00f6ra Volund. Just Volunddramat f\u00f6renar Island och Gotland p\u00e5 ett v\u00e4ldigt speciellt s\u00e4tt. F\u00f6r det \u00e4r bara p\u00e5 Island texterna finns bevarade, texterna till de gamla sagorna m\u00e4nniskor anv\u00e4nde f\u00f6r att tolka v\u00e4rlden. Medan bilderna finns bara p\u00e5 Gotland, p\u00e5 v\u00e5ra unika bildstenar, bilder som numera symboliserar vikingatiden \u00f6ver hela v\u00e4rlden.<\/p>\n<p>Tolv namnkunniga gotl\u00e4ndska k\u00f6rs\u00e5ngare, d\u00e4ribland fem solister, repeterar under k\u00f6rpedagog Maria Wessman Klintbergs ledning. Nu blir det en scenisk version med k\u00f6r och musiker i regi av Karin Kickan Holmberg. Eva Sj\u00f6strand ber\u00e4ttar sagan p\u00e5 gutam\u00e5l, ett spr\u00e5k som dagens isl\u00e4nningar faktiskt kan f\u00f6rst\u00e5. I f\u00f6rel\u00e4sningen ber\u00e4ttar hon om likheter i gutam\u00e5let och isl\u00e4ndska, om urgamla kopplingar och hur den isl\u00e4ndske skalden Jokul B\u00e5rdsson miste livet p\u00e5 Gotland f\u00f6r tusen \u00e5r sedan, en episod som \u00e4r n\u00e4mnd i Eva Sj\u00f6strands \u201dEn gotl\u00e4ndsk Edda\u201d. K\u00f6ren kommer d\u00e5 att sjunga n\u00e5gra av Gustaf Larssons tonsatta gutam\u00e5lsdikter.<\/p>\n<p>Kulturf\u00f6reningen Vilda F\u00e5glars turn\u00e9 p\u00e5 Island startar den 6 juli. L\u00f6rdag den 7 juli\u00a0f\u00f6rel\u00e4ser Eva Sj\u00f6strand i folkmusikfestivalen i Siglufjord p\u00e5 norra Island, d\u00e4r Volundkonserten sker i kyrkan.\u00a0 S\u00f6ndag den 8 juli svingar sig Volund till Hvammstangi kyrka n\u00e5got l\u00e4ngre s\u00f6derut, och m\u00e5ndag den 9 juli blir det en avslutande Volundkonsert i Nordens Hus i Reykjavik.<\/p>\n<p><strong>Billetter i d\u00f8ren, 1.500 ISK\u00a0<\/strong><\/p>\n","protected":false},"excerpt":{"rendered":"<p>Velkommen til koncert med den gotlandske kor Vilda F\u00e5glar d. 9. juli kl. 20 i Nordens hus. Den gotl\u00e4ndska k\u00f6ren Vilda F\u00e5glar svingar sig till Island i sommar! Tretton gotl\u00e4nningar g\u00f6r en turn\u00e9 och ger det gotl\u00e4ndska folkmusikdramat Volund, en ur\u00e5ldrig ber\u00e4ttelse som f\u00f6renar Island och Gotland. Eva Sj\u00f6strand har skrivit texten till Jan Ekedahls [&hellip;]<\/p>\n","protected":false},"featured_media":15524,"template":"","event-categories":[72],"class_list":["post-15526","event","type-event","status-publish","has-post-thumbnail","hentry","event-categories-koncerter","has-banner-image"],"acf":[],"_links":{"self":[{"href":"https:\/\/nordichouse.is\/da\/wp-json\/wp\/v2\/event\/15526","targetHints":{"allow":["GET"]}}],"collection":[{"href":"https:\/\/nordichouse.is\/da\/wp-json\/wp\/v2\/event"}],"about":[{"href":"https:\/\/nordichouse.is\/da\/wp-json\/wp\/v2\/types\/event"}],"wp:featuredmedia":[{"embeddable":true,"href":"https:\/\/nordichouse.is\/da\/wp-json\/wp\/v2\/media\/15524"}],"wp:attachment":[{"href":"https:\/\/nordichouse.is\/da\/wp-json\/wp\/v2\/media?parent=15526"}],"wp:term":[{"taxonomy":"event-categories","embeddable":true,"href":"https:\/\/nordichouse.is\/da\/wp-json\/wp\/v2\/event-categories?post=15526"}],"curies":[{"name":"wp","href":"https:\/\/api.w.org\/{rel}","templated":true}]}}