{"id":15062,"date":"2018-05-08T16:27:18","date_gmt":"2018-05-08T16:27:18","guid":{"rendered":"https:\/\/nordichouse.is\/?post_type=event&#038;p=15062"},"modified":"2018-05-11T12:18:22","modified_gmt":"2018-05-11T12:18:22","slug":"osp-eldjarn-pikknikk-tonleikar","status":"publish","type":"event","link":"https:\/\/nordichouse.is\/da\/begivenhed\/osp-eldjarn-pikknikk-tonleikar\/","title":{"rendered":"\u00d6sp Eldj\u00e1rn \u2013 Picnic-koncerter"},"content":{"rendered":"<p><strong><a href=\"https:\/\/www.facebook.com\/OspEldjarn\/\">\u00d6sp<\/a><\/strong> v\u00e4xte upp i en dal i Norra Island med sin musikaliska familj. I sin musik b\u00e4r \u00d6sp vidare en fin isl\u00e4ndsk s\u00e5ngtradition, och l\u00e5tarna \u00e4r b\u00e5de k\u00e4nsloladdade och glacialt vackra. Hon har kontroll \u00f6ver b\u00e5de det episka och det intima, och har en vackert st\u00e4mningsfull r\u00f6st som f\u00e5r st\u00f6d av ett mycket sympatisk band. Hennes album Tales from a Popular Tree nominerades till Islands \u00e5rliga musikpris i folkmusikgenren.<\/p>\n<p><a href=\"https:\/\/soundcloud.com\/osp-eldjarn\">Lyt<\/a><\/p>\n<p>F\u00f8lg eventet p\u00e5 facebook\u00a0<a href=\"https:\/\/www.facebook.com\/events\/176071479882530\/\">her<\/a>.<\/p>\n<p>Nordens Hus sl\u00e5r glasd\u00f8rene op og inviterer til koncerter under den lysende islandske himmel hver s\u00f8ndag eftermiddag hen over sommeren i det smukke drivhus. Vi pr\u00e6senterer prisvindende islandske kunstnere og f\u00e5r eksklusive internationalle bes\u00f8g med musik som b\u00e5de lader sig inspirere af traditioner og eksperimenterer med de nyeste genrer og tendenser.<\/p>\n<p><strong>Alle koncerterne er gratis.\u00a0<\/strong><\/p>\n<p><strong>Forfriskninger kan bestilles hos\u00a0<a href=\"https:\/\/nordichouse.is\/da\/aalto-bistro\/\">Aalto Bistro<\/a>\u00a0og nydes b\u00e5de udend\u00f8rs og i huset.<\/strong><\/p>\n<p>&nbsp;<\/p>\n<h4>Program<\/h4>\n<p>24. juni. <a href=\"https:\/\/nordichouse.is\/da\/event\/ari-arelius-pikknikk-tonleikar\/\">Ari \u00c1rel\u00edus (IS)<\/a><br \/>\n1. juli. <a href=\"https:\/\/nordichouse.is\/da\/event\/osp-eldjarn-pikknikk-tonleikar\/\">\u00d6sp Eldj\u00e1rn (IS)<\/a><br \/>\n8. juli. <a href=\"https:\/\/nordichouse.is\/da\/event\/snorri-helgason-pikknikk-tonleikar\/\">Snorri Helgason (IS)<\/a><br \/>\n15. juli. <a href=\"https:\/\/nordichouse.is\/da\/event\/silja-ros-pikknikk-tonleikar\/\">Silja R\u00f3s (IS)<\/a><br \/>\n22. juli. <a href=\"https:\/\/nordichouse.is\/da\/event\/teitur-magnusson-pikknikk-tonleikar\/\">Teitur Magn\u00fasson (IS)<\/a><br \/>\n29. juli. <a href=\"https:\/\/nordichouse.is\/da\/event\/flekar-pikknikk-tonleikar\/\">Flekar (IS)<\/a><br \/>\n5. august. <a href=\"https:\/\/nordichouse.is\/da\/event\/nightjar-se-pikknikk-tonleikar\/\">Nightjar (SE)<\/a><br \/>\n12. august. <a href=\"https:\/\/nordichouse.is\/da\/event\/malin-g-thunell-se-picnic-koncerter\/\">Malin Thunell (SE)<\/a><br \/>\n19. august. <a href=\"https:\/\/nordichouse.is\/da\/event\/hildur-vala-pikknikk-tonleikar\/\">Hildur Vala (IS)<\/a><\/p>\n","protected":false},"excerpt":{"rendered":"<p>\u00d6sp v\u00e4xte upp i en dal i Norra Island med sin musikaliska familj. I sin musik b\u00e4r \u00d6sp vidare en fin isl\u00e4ndsk s\u00e5ngtradition, och l\u00e5tarna \u00e4r b\u00e5de k\u00e4nsloladdade och glacialt vackra. Hon har kontroll \u00f6ver b\u00e5de det episka och det intima, och har en vackert st\u00e4mningsfull r\u00f6st som f\u00e5r st\u00f6d av ett mycket sympatisk band. [&hellip;]<\/p>\n","protected":false},"featured_media":15060,"template":"","event-categories":[66,72],"class_list":["post-15062","event","type-event","status-publish","has-post-thumbnail","hentry","event-categories-alle-begivenheder","event-categories-koncerter","event_tags-concert-da","event_tags-drivhus-da","event_tags-greenhouse-da","event_tags-grodurhus-da","event_tags-koncert-da","event_tags-picnic-da","event_tags-pikknikk-da","event_tags-tonleikar-da","has-banner-image"],"acf":[],"_links":{"self":[{"href":"https:\/\/nordichouse.is\/da\/wp-json\/wp\/v2\/event\/15062","targetHints":{"allow":["GET"]}}],"collection":[{"href":"https:\/\/nordichouse.is\/da\/wp-json\/wp\/v2\/event"}],"about":[{"href":"https:\/\/nordichouse.is\/da\/wp-json\/wp\/v2\/types\/event"}],"wp:featuredmedia":[{"embeddable":true,"href":"https:\/\/nordichouse.is\/da\/wp-json\/wp\/v2\/media\/15060"}],"wp:attachment":[{"href":"https:\/\/nordichouse.is\/da\/wp-json\/wp\/v2\/media?parent=15062"}],"wp:term":[{"taxonomy":"event-categories","embeddable":true,"href":"https:\/\/nordichouse.is\/da\/wp-json\/wp\/v2\/event-categories?post=15062"}],"curies":[{"name":"wp","href":"https:\/\/api.w.org\/{rel}","templated":true}]}}