{"id":13402,"date":"2018-01-04T15:31:00","date_gmt":"2018-01-04T15:31:00","guid":{"rendered":"https:\/\/nordichouse.is\/event\/innblasid-af-aalto\/"},"modified":"2018-04-30T14:21:59","modified_gmt":"2018-04-30T14:21:59","slug":"innblasid-af-aalto","status":"publish","type":"event","link":"https:\/\/nordichouse.is\/da\/begivenhed\/innblasid-af-aalto\/","title":{"rendered":"Inspireret af Aalto"},"content":{"rendered":"<p><strong><em>Inspired by Aalto<\/em><\/strong>\u00a0 \/ Inspireret af Aalto er en designudstilling, der pr\u00e6senterer nogle af Alvar Aaltos klassiske m\u00f8beldesigns, og nogle af de Artek m\u00f8bler, som han har givet inspiration til; dygtigt kurateret af Arteks tidligere Art Director, Ben af Schulten.<\/p>\n<p><a href=\"https:\/\/nordichouse.is\/wp-content\/uploads\/2018\/01\/mg_6011.jpg\"><img decoding=\"async\" class=\"alignnone size-medium wp-image-14710 lazyload\" data-src=\"https:\/\/nordichouse.is\/wp-content\/uploads\/2018\/01\/mg_6011-640x421.jpg\" alt=\"\" width=\"640\" height=\"421\" data-srcset=\"https:\/\/nordichouse.is\/wp-content\/uploads\/2018\/01\/mg_6011-640x421.jpg 640w, https:\/\/nordichouse.is\/wp-content\/uploads\/2018\/01\/mg_6011-768x505.jpg 768w, https:\/\/nordichouse.is\/wp-content\/uploads\/2018\/01\/mg_6011-1220x803.jpg 1220w\" data-sizes=\"(max-width: 640px) 100vw, 640px\" src=\"data:image\/svg+xml;base64,PHN2ZyB3aWR0aD0iMSIgaGVpZ2h0PSIxIiB4bWxucz0iaHR0cDovL3d3dy53My5vcmcvMjAwMC9zdmciPjwvc3ZnPg==\" style=\"--smush-placeholder-width: 640px; --smush-placeholder-aspect-ratio: 640\/421;\" \/><\/a><\/p>\n<p>Udstillingen er en del af Nordens Hus 50 \u00e5rs jubil\u00e6umsprogram. Udstillingen er ogs\u00e5 Nordens Hus bidrag til DesignMarch 2018.<\/p>\n<p><span style=\"color: #666699;\">Entr\u00e9 til udstillingen 500 ISK.<\/span><\/p>\n<p><strong>Alvar Aalto<\/strong> (f. 1898) var en af de f\u00f8rende arkitekter i det 20. \u00e5rhundrede, og hans indflydelse str\u00e6kker sig stadig langt ud over b\u00e5de hans hjemland, Finland og Norden. Et af hovedkendetegnene ved Aaltos livsarbejde er, hvorledes han opfattede sit design som et Gesamtkunstwerk eller et samlet kunstv\u00e6rk. Denne tilgang kan ses tydeligt i hele Nordens Hus, hvor ikke kun selve bygningen, men alle originale m\u00f8bler, belysning og forskellige overflader er designet af Aalto.<\/p>\n<p>I dag er Aaltos designs stadig lige popul\u00e6re, og hans innovative m\u00f8bler produceres og distribueres af Artek, som Aalto var medstifter af i Helsinki i 1935 sammen med sin kone Aino Aalto, Maire Gullichsen og Nils-Gustav Hahl. Deres m\u00e5l var at &#8220;s\u00e6lge m\u00f8bler og fremme en moderne livskultur via udstillinger og andre uddannelsesm\u00e6ssige midler.&#8221; Artek har igennem \u00e5rene kommisioneret generationer af finske og internationale designere, som har tilf\u00f8jet flotte designs til Artek-portef\u00f8ljen: alle er inspireret af Aalto og er tro mod hans vision. Artek-samlingen best\u00e5r af m\u00f8bler, belysning og tilbeh\u00f8r &#8211; og st\u00e5r for klarhed, funktionalitet og poetisk enkelhed.<\/p>\n<p>Udstillingen er produceret i t\u00e6t samarbejde med Artek.<\/p>\n<p><a href=\"https:\/\/nordichouse.is\/wp-content\/uploads\/2018\/01\/ben-af-schulten.jpg\"><img decoding=\"async\" class=\"alignnone size-full wp-image-14701 lazyload\" data-src=\"https:\/\/nordichouse.is\/wp-content\/uploads\/2018\/01\/ben-af-schulten.jpg\" alt=\"\" width=\"475\" height=\"340\" src=\"data:image\/svg+xml;base64,PHN2ZyB3aWR0aD0iMSIgaGVpZ2h0PSIxIiB4bWxucz0iaHR0cDovL3d3dy53My5vcmcvMjAwMC9zdmciPjwvc3ZnPg==\" style=\"--smush-placeholder-width: 475px; --smush-placeholder-aspect-ratio: 475\/340;\" \/><\/a><\/p>\n<p><strong>Kurator og udstillingsdesigner:<\/strong>\u00a0<a href=\"https:\/\/www.artek.fi\/en\/company\/designers\/ben-af-schult%C3%A9n\" target=\"_blank\" rel=\"noopener\">Ben af Schulten\u00a0<\/a><\/p>\n<div id='gallery-1' class='gallery galleryid-13402 gallery-columns-3 gallery-size-thumbnail'><figure class='gallery-item'>\n\t\t\t<div class='gallery-icon landscape'>\n\t\t\t\t<a href='https:\/\/nordichouse.is\/da\/begivenhed\/innblasid-af-aalto\/sebrastoll-2\/'><img decoding=\"async\" width=\"225\" height=\"225\" data-src=\"https:\/\/nordichouse.is\/wp-content\/uploads\/2018\/01\/sebrastll.jpg\" class=\"attachment-thumbnail size-thumbnail lazyload\" alt=\"\" aria-describedby=\"gallery-1-14728\" src=\"data:image\/svg+xml;base64,PHN2ZyB3aWR0aD0iMSIgaGVpZ2h0PSIxIiB4bWxucz0iaHR0cDovL3d3dy53My5vcmcvMjAwMC9zdmciPjwvc3ZnPg==\" style=\"--smush-placeholder-width: 225px; --smush-placeholder-aspect-ratio: 225\/225;\" \/><\/a>\n\t\t\t<\/div>\n\t\t\t\t<figcaption class='wp-caption-text gallery-caption' id='gallery-1-14728'>\n\t\t\t\t&#8220;Tank&#8221; Armchair 400. 1936\n\t\t\t\t<\/figcaption><\/figure><figure class='gallery-item'>\n\t\t\t<div class='gallery-icon landscape'>\n\t\t\t\t<a href='https:\/\/nordichouse.is\/da\/begivenhed\/innblasid-af-aalto\/aino_aalto-glaskrug-mit-glaesern-2\/'><img decoding=\"async\" width=\"400\" height=\"381\" data-src=\"https:\/\/nordichouse.is\/wp-content\/uploads\/2018\/01\/aino_aalto-glaskrug-mit-glaesern-420x400.jpg\" class=\"attachment-thumbnail size-thumbnail lazyload\" alt=\"\" aria-describedby=\"gallery-1-14725\" src=\"data:image\/svg+xml;base64,PHN2ZyB3aWR0aD0iMSIgaGVpZ2h0PSIxIiB4bWxucz0iaHR0cDovL3d3dy53My5vcmcvMjAwMC9zdmciPjwvc3ZnPg==\" style=\"--smush-placeholder-width: 400px; --smush-placeholder-aspect-ratio: 400\/381;\" \/><\/a>\n\t\t\t<\/div>\n\t\t\t\t<figcaption class='wp-caption-text gallery-caption' id='gallery-1-14725'>\n\t\t\t\tAino glassware 1932 \n\t\t\t\t<\/figcaption><\/figure><figure class='gallery-item'>\n\t\t\t<div class='gallery-icon landscape'>\n\t\t\t\t<a href='https:\/\/nordichouse.is\/da\/begivenhed\/innblasid-af-aalto\/bord-a-hjoli-eins-og-vid-eigum-2\/'><img decoding=\"async\" width=\"259\" height=\"195\" data-src=\"https:\/\/nordichouse.is\/wp-content\/uploads\/2018\/01\/bor--hjli-eins-og-vi-eigum.jpg\" class=\"attachment-thumbnail size-thumbnail lazyload\" alt=\"\" src=\"data:image\/svg+xml;base64,PHN2ZyB3aWR0aD0iMSIgaGVpZ2h0PSIxIiB4bWxucz0iaHR0cDovL3d3dy53My5vcmcvMjAwMC9zdmciPjwvc3ZnPg==\" style=\"--smush-placeholder-width: 259px; --smush-placeholder-aspect-ratio: 259\/195;\" \/><\/a>\n\t\t\t<\/div><\/figure>\n\t\t<\/div>\n\n<p><strong>Designere<br \/>\n<\/strong>Aino Aalto<br \/>\nAlvar Aalto<br \/>\nBen af Schult\u00e9n<br \/>\nBrita Flander<br \/>\nElissa Aalto<br \/>\nHarri Koskinen<br \/>\nIlkka Suppanen &amp; Raffaella Mangarotti<br \/>\nIlmari Tapiovaara<br \/>\nJenni Roininen<br \/>\nJohanna Gullichsen<br \/>\nJuha Leivisk\u00e4<br \/>\nKari Virtanen<br \/>\nKonstantin Grcic<br \/>\nMarita Lybeck<br \/>\nRitva Puotila<br \/>\nRonan &amp; Erwan Bouroullec<br \/>\nRudi Merz<br \/>\nUlla Koskinen<\/p>\n<p><strong>Objecter fra<br \/>\n<\/strong>Artek<br \/>\nIittala<br \/>\nNikari<br \/>\nWoodnotes<\/p>\n<p><strong>Sponsors<\/strong><br \/>\nArtek<br \/>\nTVG-Zimsen<strong><br \/>\n<\/strong>Penninn h\u00fasg\u00f6gn<br \/>\n\u00c1sbj\u00f6rn \u00d3lafsson ehf<br \/>\nMerking efh<br \/>\nGu\u00f0j\u00f3n\u00d3<\/p>\n<p><a href=\"https:\/\/nordichouse.is\/wp-content\/uploads\/2018\/01\/logo-artek.png\"><img decoding=\"async\" class=\"alignnone wp-image-13977 lazyload\" data-src=\"https:\/\/nordichouse.is\/wp-content\/uploads\/2018\/01\/logo-artek.png\" alt=\"\" width=\"163\" height=\"163\" data-srcset=\"https:\/\/nordichouse.is\/wp-content\/uploads\/2018\/01\/logo-artek.png 430w, https:\/\/nordichouse.is\/wp-content\/uploads\/2018\/01\/logo-artek-400x400.png 400w\" data-sizes=\"(max-width: 163px) 100vw, 163px\" src=\"data:image\/svg+xml;base64,PHN2ZyB3aWR0aD0iMSIgaGVpZ2h0PSIxIiB4bWxucz0iaHR0cDovL3d3dy53My5vcmcvMjAwMC9zdmciPjwvc3ZnPg==\" style=\"--smush-placeholder-width: 163px; --smush-placeholder-aspect-ratio: 163\/163;\" \/><\/a><\/p>\n<p><a href=\"https:\/\/nordichouse.is\/wp-content\/uploads\/2018\/01\/zimsen_logo.jpg\"><img decoding=\"async\" class=\"alignnone wp-image-13980 lazyload\" data-src=\"https:\/\/nordichouse.is\/wp-content\/uploads\/2018\/01\/zimsen_logo.jpg\" alt=\"\" width=\"114\" height=\"114\" src=\"data:image\/svg+xml;base64,PHN2ZyB3aWR0aD0iMSIgaGVpZ2h0PSIxIiB4bWxucz0iaHR0cDovL3d3dy53My5vcmcvMjAwMC9zdmciPjwvc3ZnPg==\" style=\"--smush-placeholder-width: 114px; --smush-placeholder-aspect-ratio: 114\/114;\" \/><\/a><\/p>\n<p>&nbsp;<\/p>\n","protected":false},"excerpt":{"rendered":"<p>Inspired by Aalto\u00a0 \/ Inspireret af Aalto er en designudstilling, der pr\u00e6senterer nogle af Alvar Aaltos klassiske m\u00f8beldesigns, og nogle af de Artek m\u00f8bler, som han har givet inspiration til; dygtigt kurateret af Arteks tidligere Art Director, Ben af Schulten. Udstillingen er en del af Nordens Hus 50 \u00e5rs jubil\u00e6umsprogram. Udstillingen er ogs\u00e5 Nordens Hus [&hellip;]<\/p>\n","protected":false},"featured_media":13995,"template":"","event-categories":[73],"class_list":["post-13402","event","type-event","status-publish","has-post-thumbnail","hentry","event-categories-udstillinger","no-banner-image"],"acf":[],"_links":{"self":[{"href":"https:\/\/nordichouse.is\/da\/wp-json\/wp\/v2\/event\/13402","targetHints":{"allow":["GET"]}}],"collection":[{"href":"https:\/\/nordichouse.is\/da\/wp-json\/wp\/v2\/event"}],"about":[{"href":"https:\/\/nordichouse.is\/da\/wp-json\/wp\/v2\/types\/event"}],"wp:featuredmedia":[{"embeddable":true,"href":"https:\/\/nordichouse.is\/da\/wp-json\/wp\/v2\/media\/13995"}],"wp:attachment":[{"href":"https:\/\/nordichouse.is\/da\/wp-json\/wp\/v2\/media?parent=13402"}],"wp:term":[{"taxonomy":"event-categories","embeddable":true,"href":"https:\/\/nordichouse.is\/da\/wp-json\/wp\/v2\/event-categories?post=13402"}],"curies":[{"name":"wp","href":"https:\/\/api.w.org\/{rel}","templated":true}]}}